{"id":4363,"date":"2019-02-08T08:28:28","date_gmt":"2019-02-08T07:28:28","guid":{"rendered":"https:\/\/martinstiftung.ch\/les-donateurs\/"},"modified":"2019-04-17T16:19:37","modified_gmt":"2019-04-17T14:19:37","slug":"les-donateurs","status":"publish","type":"page","link":"https:\/\/martinstiftung.ch\/fr\/les-donateurs\/","title":{"rendered":"Les donateurs"},"content":{"rendered":"<div class=\"wpb-content-wrapper\"><p>[vc_row css=\u00a0\u00bb.vc_custom_1548249029736{padding-right: 7px !important;}\u00a0\u00bb][vc_column][vc_column_text]<style>\n\n<\/style><div id=\"az-tabs\">\n\t<div id=\"letters\">\n\t\t<div class=\"az-letters\">\n\t\t\t<ul class=\"az-links\"><li class=\"first odd has-posts\"><a href=\"#a-z-listing-letter-A-1\"><span>A<\/span><\/a><\/li><li class=\"even has-posts\"><a href=\"#a-z-listing-letter-B-1\"><span>B<\/span><\/a><\/li><li class=\"odd has-posts\"><a href=\"#a-z-listing-letter-C-1\"><span>C<\/span><\/a><\/li><li class=\"even has-posts\"><a href=\"#a-z-listing-letter-D-1\"><span>D<\/span><\/a><\/li><li class=\"odd has-posts\"><a href=\"#a-z-listing-letter-E-1\"><span>E<\/span><\/a><\/li><li class=\"even has-posts\"><a href=\"#a-z-listing-letter-F-1\"><span>F<\/span><\/a><\/li><li class=\"odd has-posts\"><a href=\"#a-z-listing-letter-G-1\"><span>G<\/span><\/a><\/li><li class=\"even has-posts\"><a href=\"#a-z-listing-letter-H-1\"><span>H<\/span><\/a><\/li><li class=\"odd has-posts\"><a href=\"#a-z-listing-letter-I-1\"><span>I<\/span><\/a><\/li><li class=\"even has-posts\"><a href=\"#a-z-listing-letter-J-1\"><span>J<\/span><\/a><\/li><li class=\"odd has-posts\"><a href=\"#a-z-listing-letter-K-1\"><span>K<\/span><\/a><\/li><li class=\"even has-posts\"><a href=\"#a-z-listing-letter-L-1\"><span>L<\/span><\/a><\/li><li class=\"odd has-posts\"><a href=\"#a-z-listing-letter-M-1\"><span>M<\/span><\/a><\/li><li class=\"even has-posts\"><a href=\"#a-z-listing-letter-N-1\"><span>N<\/span><\/a><\/li><li class=\"odd has-posts\"><a href=\"#a-z-listing-letter-O-1\"><span>O<\/span><\/a><\/li><li class=\"even has-posts\"><a href=\"#a-z-listing-letter-P-1\"><span>P<\/span><\/a><\/li><li class=\"odd has-posts\"><a href=\"#a-z-listing-letter-Q-1\"><span>Q<\/span><\/a><\/li><li class=\"even has-posts\"><a href=\"#a-z-listing-letter-R-1\"><span>R<\/span><\/a><\/li><li class=\"odd has-posts\"><a href=\"#a-z-listing-letter-S-1\"><span>S<\/span><\/a><\/li><li class=\"even has-posts\"><a href=\"#a-z-listing-letter-T-1\"><span>T<\/span><\/a><\/li><li class=\"odd has-posts\"><a href=\"#a-z-listing-letter-U-1\"><span>U<\/span><\/a><\/li><li class=\"even has-posts\"><a href=\"#a-z-listing-letter-V-1\"><span>V<\/span><\/a><\/li><li class=\"odd has-posts\"><a href=\"#a-z-listing-letter-W-1\"><span>W<\/span><\/a><\/li><li class=\"even no-posts\"><span>X<\/span><\/li><li class=\"odd no-posts\"><span>Y<\/span><\/li><li class=\"even has-posts\"><a href=\"#a-z-listing-letter-Z-1\"><span>Z<\/span><\/a><\/li><li class=\"last odd has-posts\"><a href=\"#a-z-listing-letter-_-1\"><span>#<\/span><\/a><\/li><\/ul>\t\t<\/div>\n\t<\/div>\n\t\t<div id=\"az-slider\">\n\t\t<div id=\"inner-slider\">\n\t\t\t\t\t\t\t\t\t\t\t\t\t\t\t\t\t<div class=\"letter-section\"\n\t\t\t\t\t\tid=\"a-z-listing-letter-A-1\">\n\t\t\t\t\t\t<h2 class=\"letter-title\">\n\t\t\t\t\t\t\t<span>\n\t\t\t\t\t\t\t\tA\t\t\t\t\t\t\t<\/span>\n\t\t\t\t\t\t<\/h2>\n\t\t\t\t\t\t\t\t\t\t\t\t<ul class=\"columns max-1-columns\">\n\t\t\t\t\t\t\t\t\t\t\t\t\t\t\t<li>\n\t\t\t\t\t\t\t\t\t<a href=\"https:\/\/martinstiftung.ch\/fr\/brunnen\/tags\/alfred-mueller-ag-baar-fr\/\">\n\t\t\t\t\t\t\t\t\t\tAlfred M\u00fcller AG | Baar (9)\n\t\t\t\t\t\t\t\t\t<\/a>\n\t\t\t\t\t\t\t\t<\/li>\n\t\t\t\t\t\t\t\t\t\t\t\t\t\t\t<li>\n\t\t\t\t\t\t\t\t\t<a href=\"https:\/\/martinstiftung.ch\/fr\/brunnen\/tags\/ambassade-de-suisse-kamerun-fr\/\">\n\t\t\t\t\t\t\t\t\t\tAmbassade de Suisse | Kamerun (4)\n\t\t\t\t\t\t\t\t\t<\/a>\n\t\t\t\t\t\t\t\t<\/li>\n\t\t\t\t\t\t\t\t\t\t\t\t\t\t\t<li>\n\t\t\t\t\t\t\t\t\t<a href=\"https:\/\/martinstiftung.ch\/fr\/brunnen\/tags\/ambassador-club-zug-fr\/\">\n\t\t\t\t\t\t\t\t\t\tAmbassador-Club | Zug (1)\n\t\t\t\t\t\t\t\t\t<\/a>\n\t\t\t\t\t\t\t\t<\/li>\n\t\t\t\t\t\t\t\t\t\t\t\t\t\t\t<li>\n\t\t\t\t\t\t\t\t\t<a href=\"https:\/\/martinstiftung.ch\/fr\/brunnen\/tags\/andreas-und-pirjo-heimgartner-unteraegeri-fr\/\">\n\t\t\t\t\t\t\t\t\t\tAndreas und Pirjo Heimgartner | Unter\u00e4geri (6)\n\t\t\t\t\t\t\t\t\t<\/a>\n\t\t\t\t\t\t\t\t<\/li>\n\t\t\t\t\t\t\t\t\t\t\t\t\t\t\t<li>\n\t\t\t\t\t\t\t\t\t<a href=\"https:\/\/martinstiftung.ch\/fr\/brunnen\/tags\/andritz-hydro-ag-kriens-fr\/\">\n\t\t\t\t\t\t\t\t\t\tAndritz Hydro AG | Kriens (1)\n\t\t\t\t\t\t\t\t\t<\/a>\n\t\t\t\t\t\t\t\t<\/li>\n\t\t\t\t\t\t\t\t\t\t\t\t\t\t\t<li>\n\t\t\t\t\t\t\t\t\t<a href=\"https:\/\/martinstiftung.ch\/fr\/brunnen\/tags\/arge-baumeister-lego-fr\/\">\n\t\t\t\t\t\t\t\t\t\tARGE Baumeister LEGO (1)\n\t\t\t\t\t\t\t\t\t<\/a>\n\t\t\t\t\t\t\t\t<\/li>\n\t\t\t\t\t\t\t\t\t\t\t\t\t\t\t<li>\n\t\t\t\t\t\t\t\t\t<a href=\"https:\/\/martinstiftung.ch\/fr\/brunnen\/tags\/aula-ag-cham-fr\/\">\n\t\t\t\t\t\t\t\t\t\tAula AG | Cham (1)\n\t\t\t\t\t\t\t\t\t<\/a>\n\t\t\t\t\t\t\t\t<\/li>\n\t\t\t\t\t\t\t\t\t\t\t\t\t<\/ul>\n\t\t\t\t\t<\/div>\n\t\t\t\t\t\t\t\t\t\t\t\t\t\t\t\t\t\t\t<div class=\"letter-section\"\n\t\t\t\t\t\tid=\"a-z-listing-letter-B-1\">\n\t\t\t\t\t\t<h2 class=\"letter-title\">\n\t\t\t\t\t\t\t<span>\n\t\t\t\t\t\t\t\tB\t\t\t\t\t\t\t<\/span>\n\t\t\t\t\t\t<\/h2>\n\t\t\t\t\t\t\t\t\t\t\t\t<ul class=\"columns max-2-columns\">\n\t\t\t\t\t\t\t\t\t\t\t\t\t\t\t<li>\n\t\t\t\t\t\t\t\t\t<a href=\"https:\/\/martinstiftung.ch\/fr\/brunnen\/tags\/bachmann-leopold-stiftung-rueschlikon-fr\/\">\n\t\t\t\t\t\t\t\t\t\tBachmann Leopold Stiftung | R\u00fcschlikon (5)\n\t\t\t\t\t\t\t\t\t<\/a>\n\t\t\t\t\t\t\t\t<\/li>\n\t\t\t\t\t\t\t\t\t\t\t\t\t\t\t<li>\n\t\t\t\t\t\t\t\t\t<a href=\"https:\/\/martinstiftung.ch\/fr\/brunnen\/tags\/bank-leu-ag-zuerich-fr\/\">\n\t\t\t\t\t\t\t\t\t\tBank Leu AG | Z\u00fcrich (2)\n\t\t\t\t\t\t\t\t\t<\/a>\n\t\t\t\t\t\t\t\t<\/li>\n\t\t\t\t\t\t\t\t\t\t\t\t\t\t\t<li>\n\t\t\t\t\t\t\t\t\t<a href=\"https:\/\/martinstiftung.ch\/fr\/brunnen\/tags\/baumgartner-g-ag-hagendorn-fr\/\">\n\t\t\t\t\t\t\t\t\t\tBaumgartner G. AG | Hagendorn (2)\n\t\t\t\t\t\t\t\t\t<\/a>\n\t\t\t\t\t\t\t\t<\/li>\n\t\t\t\t\t\t\t\t\t\t\t\t\t\t\t<li>\n\t\t\t\t\t\t\t\t\t<a href=\"https:\/\/martinstiftung.ch\/fr\/brunnen\/tags\/bau-rein-plant-ag-zug-fr\/\">\n\t\t\t\t\t\t\t\t\t\tBAU-REIN-PLANT AG | Zug (1)\n\t\t\t\t\t\t\t\t\t<\/a>\n\t\t\t\t\t\t\t\t<\/li>\n\t\t\t\t\t\t\t\t\t\t\t\t\t\t\t<li>\n\t\t\t\t\t\t\t\t\t<a href=\"https:\/\/martinstiftung.ch\/fr\/brunnen\/tags\/beatrice-landolt-und-andreas-rickenbacher-fr\/\">\n\t\t\t\t\t\t\t\t\t\tBeatrice Landolt und Andreas Rickenbacher (1)\n\t\t\t\t\t\t\t\t\t<\/a>\n\t\t\t\t\t\t\t\t<\/li>\n\t\t\t\t\t\t\t\t\t\t\t\t\t\t\t<li>\n\t\t\t\t\t\t\t\t\t<a href=\"https:\/\/martinstiftung.ch\/fr\/brunnen\/tags\/bentom-ag-zug-fr\/\">\n\t\t\t\t\t\t\t\t\t\tBentom AG | Zug (1)\n\t\t\t\t\t\t\t\t\t<\/a>\n\t\t\t\t\t\t\t\t<\/li>\n\t\t\t\t\t\t\t\t\t\t\t\t\t\t\t<li>\n\t\t\t\t\t\t\t\t\t<a href=\"https:\/\/martinstiftung.ch\/fr\/brunnen\/tags\/borer-chemie-ag-zuchwil-fr\/\">\n\t\t\t\t\t\t\t\t\t\tBorer Chemie AG | Zuchwil (1)\n\t\t\t\t\t\t\t\t\t<\/a>\n\t\t\t\t\t\t\t\t<\/li>\n\t\t\t\t\t\t\t\t\t\t\t\t\t\t\t<li>\n\t\t\t\t\t\t\t\t\t<a href=\"https:\/\/martinstiftung.ch\/fr\/brunnen\/tags\/bote-der-urschweiz-ag-schwyz-fr\/\">\n\t\t\t\t\t\t\t\t\t\tBote der Urschweiz AG | Schwyz (2)\n\t\t\t\t\t\t\t\t\t<\/a>\n\t\t\t\t\t\t\t\t<\/li>\n\t\t\t\t\t\t\t\t\t\t\t\t\t\t\t<li>\n\t\t\t\t\t\t\t\t\t<a href=\"https:\/\/martinstiftung.ch\/fr\/brunnen\/tags\/breitenmoser-margrit-und-hans-peter-benken-sg-fr\/\">\n\t\t\t\t\t\t\t\t\t\tBreitenmoser Margrit und Hans-Peter | Benken SG (1)\n\t\t\t\t\t\t\t\t\t<\/a>\n\t\t\t\t\t\t\t\t<\/li>\n\t\t\t\t\t\t\t\t\t\t\t\t\t\t\t<li>\n\t\t\t\t\t\t\t\t\t<a href=\"https:\/\/martinstiftung.ch\/fr\/brunnen\/tags\/breitenstein-ag-zug-fr\/\">\n\t\t\t\t\t\t\t\t\t\tBreitenstein AG | Zug (5)\n\t\t\t\t\t\t\t\t\t<\/a>\n\t\t\t\t\t\t\t\t<\/li>\n\t\t\t\t\t\t\t\t\t\t\t\t\t\t\t<li>\n\t\t\t\t\t\t\t\t\t<a href=\"https:\/\/martinstiftung.ch\/fr\/brunnen\/tags\/buttisholzer-firmlinge-fr\/\">\n\t\t\t\t\t\t\t\t\t\tButtisholzer Firmlinge (1)\n\t\t\t\t\t\t\t\t\t<\/a>\n\t\t\t\t\t\t\t\t<\/li>\n\t\t\t\t\t\t\t\t\t\t\t\t\t<\/ul>\n\t\t\t\t\t<\/div>\n\t\t\t\t\t\t\t\t\t\t\t\t\t\t\t\t\t\t\t<div class=\"letter-section\"\n\t\t\t\t\t\tid=\"a-z-listing-letter-C-1\">\n\t\t\t\t\t\t<h2 class=\"letter-title\">\n\t\t\t\t\t\t\t<span>\n\t\t\t\t\t\t\t\tC\t\t\t\t\t\t\t<\/span>\n\t\t\t\t\t\t<\/h2>\n\t\t\t\t\t\t\t\t\t\t\t\t<ul class=\"columns max-1-columns\">\n\t\t\t\t\t\t\t\t\t\t\t\t\t\t\t<li>\n\t\t\t\t\t\t\t\t\t<a href=\"https:\/\/martinstiftung.ch\/fr\/brunnen\/tags\/cameroon-oil-transportation-company-cotco-fr\/\">\n\t\t\t\t\t\t\t\t\t\tCameroon Oil Transportation Company (COTCO) (17)\n\t\t\t\t\t\t\t\t\t<\/a>\n\t\t\t\t\t\t\t\t<\/li>\n\t\t\t\t\t\t\t\t\t\t\t\t\t\t\t<li>\n\t\t\t\t\t\t\t\t\t<a href=\"https:\/\/martinstiftung.ch\/fr\/brunnen\/tags\/careme-suisse-m-zingg-fr\/\">\n\t\t\t\t\t\t\t\t\t\tCar\u00eame Suisse \/ M. Zingg (1)\n\t\t\t\t\t\t\t\t\t<\/a>\n\t\t\t\t\t\t\t\t<\/li>\n\t\t\t\t\t\t\t\t\t\t\t\t\t\t\t<li>\n\t\t\t\t\t\t\t\t\t<a href=\"https:\/\/martinstiftung.ch\/fr\/brunnen\/tags\/centre-cath-universiteire-p-damien-kono-fr\/\">\n\t\t\t\t\t\t\t\t\t\tCentre cath. Universiteire | P. Damien Kono (1)\n\t\t\t\t\t\t\t\t\t<\/a>\n\t\t\t\t\t\t\t\t<\/li>\n\t\t\t\t\t\t\t\t\t\t\t\t\t\t\t<li>\n\t\t\t\t\t\t\t\t\t<a href=\"https:\/\/martinstiftung.ch\/fr\/brunnen\/tags\/cerutti-partner-architekten-ag-rothenburg-fr\/\">\n\t\t\t\t\t\t\t\t\t\tCerutti Partner Architekten AG | Rothenburg (1)\n\t\t\t\t\t\t\t\t\t<\/a>\n\t\t\t\t\t\t\t\t<\/li>\n\t\t\t\t\t\t\t\t\t\t\t\t\t\t\t<li>\n\t\t\t\t\t\t\t\t\t<a href=\"https:\/\/martinstiftung.ch\/fr\/brunnen\/tags\/chasaadd-mfou-fr\/\">\n\t\t\t\t\t\t\t\t\t\tCHASAADD-Mfou (24)\n\t\t\t\t\t\t\t\t\t<\/a>\n\t\t\t\t\t\t\t\t<\/li>\n\t\t\t\t\t\t\t\t\t\t\t\t\t\t\t<li>\n\t\t\t\t\t\t\t\t\t<a href=\"https:\/\/martinstiftung.ch\/fr\/brunnen\/tags\/coe-barzio-italia-fr\/\">\n\t\t\t\t\t\t\t\t\t\tCOE | Barzio | Italia (1)\n\t\t\t\t\t\t\t\t\t<\/a>\n\t\t\t\t\t\t\t\t<\/li>\n\t\t\t\t\t\t\t\t\t\t\t\t\t\t\t<li>\n\t\t\t\t\t\t\t\t\t<a href=\"https:\/\/martinstiftung.ch\/fr\/brunnen\/tags\/communaute-des-srs-de-la-croix-akono-fr\/\">\n\t\t\t\t\t\t\t\t\t\tCommunaut\u00e9 des Srs.de la Croix | Akono (1)\n\t\t\t\t\t\t\t\t\t<\/a>\n\t\t\t\t\t\t\t\t<\/li>\n\t\t\t\t\t\t\t\t\t\t\t\t\t\t\t<li>\n\t\t\t\t\t\t\t\t\t<a href=\"https:\/\/martinstiftung.ch\/fr\/brunnen\/tags\/congregation-peres-du-st-esprit-fr\/\">\n\t\t\t\t\t\t\t\t\t\tCongr\u00e9gation P\u00e8res du St-Esprit (1)\n\t\t\t\t\t\t\t\t\t<\/a>\n\t\t\t\t\t\t\t\t<\/li>\n\t\t\t\t\t\t\t\t\t\t\t\t\t\t\t<li>\n\t\t\t\t\t\t\t\t\t<a href=\"https:\/\/martinstiftung.ch\/fr\/brunnen\/tags\/ctm-jura-basque-fr\/\">\n\t\t\t\t\t\t\t\t\t\tCTM Jura-Basque (30)\n\t\t\t\t\t\t\t\t\t<\/a>\n\t\t\t\t\t\t\t\t<\/li>\n\t\t\t\t\t\t\t\t\t\t\t\t\t\t\t<li>\n\t\t\t\t\t\t\t\t\t<a href=\"https:\/\/martinstiftung.ch\/fr\/brunnen\/tags\/ctm-mfou-fr\/\">\n\t\t\t\t\t\t\t\t\t\tCTM-Mfou (5)\n\t\t\t\t\t\t\t\t\t<\/a>\n\t\t\t\t\t\t\t\t<\/li>\n\t\t\t\t\t\t\t\t\t\t\t\t\t<\/ul>\n\t\t\t\t\t<\/div>\n\t\t\t\t\t\t\t\t\t\t\t\t\t\t\t\t\t\t\t<div class=\"letter-section\"\n\t\t\t\t\t\tid=\"a-z-listing-letter-D-1\">\n\t\t\t\t\t\t<h2 class=\"letter-title\">\n\t\t\t\t\t\t\t<span>\n\t\t\t\t\t\t\t\tD\t\t\t\t\t\t\t<\/span>\n\t\t\t\t\t\t<\/h2>\n\t\t\t\t\t\t\t\t\t\t\t\t<ul class=\"columns max-1-columns\">\n\t\t\t\t\t\t\t\t\t\t\t\t\t\t\t<li>\n\t\t\t\t\t\t\t\t\t<a href=\"https:\/\/martinstiftung.ch\/fr\/brunnen\/tags\/daisie-pacey-nina-malou-fr\/\">\n\t\t\t\t\t\t\t\t\t\tDaisie + Pacey + Nina + Malou (1)\n\t\t\t\t\t\t\t\t\t<\/a>\n\t\t\t\t\t\t\t\t<\/li>\n\t\t\t\t\t\t\t\t\t\t\t\t\t\t\t<li>\n\t\t\t\t\t\t\t\t\t<a href=\"https:\/\/martinstiftung.ch\/fr\/brunnen\/tags\/das-prodec-cameroun-fr\/\">\n\t\t\t\t\t\t\t\t\t\tDAS PRODEC | Cameroun (2)\n\t\t\t\t\t\t\t\t\t<\/a>\n\t\t\t\t\t\t\t\t<\/li>\n\t\t\t\t\t\t\t\t\t\t\t\t\t\t\t<li>\n\t\t\t\t\t\t\t\t\t<a href=\"https:\/\/martinstiftung.ch\/fr\/brunnen\/tags\/deza-schweiz-fr\/\">\n\t\t\t\t\t\t\t\t\t\tDEZA Schweiz (197)\n\t\t\t\t\t\t\t\t\t<\/a>\n\t\t\t\t\t\t\t\t<\/li>\n\t\t\t\t\t\t\t\t\t\t\t\t\t\t\t<li>\n\t\t\t\t\t\t\t\t\t<a href=\"https:\/\/martinstiftung.ch\/fr\/brunnen\/tags\/deza-schweiz-chasaadd-mfou-fr\/\">\n\t\t\t\t\t\t\t\t\t\tDEZA Schweiz \/ CHASAADD-Mfou (28)\n\t\t\t\t\t\t\t\t\t<\/a>\n\t\t\t\t\t\t\t\t<\/li>\n\t\t\t\t\t\t\t\t\t\t\t\t\t\t\t<li>\n\t\t\t\t\t\t\t\t\t<a href=\"https:\/\/martinstiftung.ch\/fr\/brunnen\/tags\/diverse-spender-fr\/\">\n\t\t\t\t\t\t\t\t\t\tDiverse Spender (548)\n\t\t\t\t\t\t\t\t\t<\/a>\n\t\t\t\t\t\t\t\t<\/li>\n\t\t\t\t\t\t\t\t\t\t\t\t\t\t\t<li>\n\t\t\t\t\t\t\t\t\t<a href=\"https:\/\/martinstiftung.ch\/fr\/brunnen\/tags\/dmos-bruxelles-fr\/\">\n\t\t\t\t\t\t\t\t\t\tDMOS Bruxelles (1)\n\t\t\t\t\t\t\t\t\t<\/a>\n\t\t\t\t\t\t\t\t<\/li>\n\t\t\t\t\t\t\t\t\t\t\t\t\t\t\t<li>\n\t\t\t\t\t\t\t\t\t<a href=\"https:\/\/martinstiftung.ch\/fr\/brunnen\/tags\/dolma-groupe-dagencement-schlossrued-fr\/\">\n\t\t\t\t\t\t\t\t\t\tDolma Groupe d'agencement | Schlossrued (1)\n\t\t\t\t\t\t\t\t\t<\/a>\n\t\t\t\t\t\t\t\t<\/li>\n\t\t\t\t\t\t\t\t\t\t\t\t\t\t\t<li>\n\t\t\t\t\t\t\t\t\t<a href=\"https:\/\/martinstiftung.ch\/fr\/brunnen\/tags\/dorfgenossenschaft-menzingen-fr\/\">\n\t\t\t\t\t\t\t\t\t\tDorfgenossenschaft Menzingen (1)\n\t\t\t\t\t\t\t\t\t<\/a>\n\t\t\t\t\t\t\t\t<\/li>\n\t\t\t\t\t\t\t\t\t\t\t\t\t<\/ul>\n\t\t\t\t\t<\/div>\n\t\t\t\t\t\t\t\t\t\t\t\t\t\t\t\t\t\t\t<div class=\"letter-section\"\n\t\t\t\t\t\tid=\"a-z-listing-letter-E-1\">\n\t\t\t\t\t\t<h2 class=\"letter-title\">\n\t\t\t\t\t\t\t<span>\n\t\t\t\t\t\t\t\tE\t\t\t\t\t\t\t<\/span>\n\t\t\t\t\t\t<\/h2>\n\t\t\t\t\t\t\t\t\t\t\t\t<ul class=\"columns max-1-columns\">\n\t\t\t\t\t\t\t\t\t\t\t\t\t\t\t<li>\n\t\t\t\t\t\t\t\t\t<a href=\"https:\/\/martinstiftung.ch\/fr\/brunnen\/tags\/eausud-sa-bulle-fr\/\">\n\t\t\t\t\t\t\t\t\t\tEauSud SA | Bulle (5)\n\t\t\t\t\t\t\t\t\t<\/a>\n\t\t\t\t\t\t\t\t<\/li>\n\t\t\t\t\t\t\t\t\t\t\t\t\t\t\t<li>\n\t\t\t\t\t\t\t\t\t<a href=\"https:\/\/martinstiftung.ch\/fr\/brunnen\/tags\/elvia-versicherung-zuerich-fr\/\">\n\t\t\t\t\t\t\t\t\t\tELVIA Versicherung | Z\u00fcrich (1)\n\t\t\t\t\t\t\t\t\t<\/a>\n\t\t\t\t\t\t\t\t<\/li>\n\t\t\t\t\t\t\t\t\t\t\t\t\t\t\t<li>\n\t\t\t\t\t\t\t\t\t<a href=\"https:\/\/martinstiftung.ch\/fr\/brunnen\/tags\/entwicklungshilfe-klub-wien-fr\/\">\n\t\t\t\t\t\t\t\t\t\tEntwicklungshilfe Klub | Wien (1)\n\t\t\t\t\t\t\t\t\t<\/a>\n\t\t\t\t\t\t\t\t<\/li>\n\t\t\t\t\t\t\t\t\t\t\t\t\t\t\t<li>\n\t\t\t\t\t\t\t\t\t<a href=\"https:\/\/martinstiftung.ch\/fr\/brunnen\/tags\/ernst-goehner-stiftung-zug-fr\/\">\n\t\t\t\t\t\t\t\t\t\tErnst Goehner Stiftung | Zug (1)\n\t\t\t\t\t\t\t\t\t<\/a>\n\t\t\t\t\t\t\t\t<\/li>\n\t\t\t\t\t\t\t\t\t\t\t\t\t\t\t<li>\n\t\t\t\t\t\t\t\t\t<a href=\"https:\/\/martinstiftung.ch\/fr\/brunnen\/tags\/europaeische-union-fr\/\">\n\t\t\t\t\t\t\t\t\t\tEurop\u00e4ische Union (320)\n\t\t\t\t\t\t\t\t\t<\/a>\n\t\t\t\t\t\t\t\t<\/li>\n\t\t\t\t\t\t\t\t\t\t\t\t\t\t\t<li>\n\t\t\t\t\t\t\t\t\t<a href=\"https:\/\/martinstiftung.ch\/fr\/brunnen\/tags\/evang-ref-pfarramt-zh-aussersihl-fr\/\">\n\t\t\t\t\t\t\t\t\t\tEvang. ref. Pfarramt ZH-Aussersihl (1)\n\t\t\t\t\t\t\t\t\t<\/a>\n\t\t\t\t\t\t\t\t<\/li>\n\t\t\t\t\t\t\t\t\t\t\t\t\t<\/ul>\n\t\t\t\t\t<\/div>\n\t\t\t\t\t\t\t\t\t\t\t\t\t\t\t\t\t\t\t<div class=\"letter-section\"\n\t\t\t\t\t\tid=\"a-z-listing-letter-F-1\">\n\t\t\t\t\t\t<h2 class=\"letter-title\">\n\t\t\t\t\t\t\t<span>\n\t\t\t\t\t\t\t\tF\t\t\t\t\t\t\t<\/span>\n\t\t\t\t\t\t<\/h2>\n\t\t\t\t\t\t\t\t\t\t\t\t<ul class=\"columns max-2-columns\">\n\t\t\t\t\t\t\t\t\t\t\t\t\t\t\t<li>\n\t\t\t\t\t\t\t\t\t<a href=\"https:\/\/martinstiftung.ch\/fr\/brunnen\/tags\/familie-k-und-m-nauer-oberaegeri-fr\/\">\n\t\t\t\t\t\t\t\t\t\tFamilie K. und M. Nauer | Ober\u00e4geri (1)\n\t\t\t\t\t\t\t\t\t<\/a>\n\t\t\t\t\t\t\t\t<\/li>\n\t\t\t\t\t\t\t\t\t\t\t\t\t\t\t<li>\n\t\t\t\t\t\t\t\t\t<a href=\"https:\/\/martinstiftung.ch\/fr\/brunnen\/tags\/fcil-canada-fr\/\">\n\t\t\t\t\t\t\t\t\t\tFCIL Canada (1)\n\t\t\t\t\t\t\t\t\t<\/a>\n\t\t\t\t\t\t\t\t<\/li>\n\t\t\t\t\t\t\t\t\t\t\t\t\t\t\t<li>\n\t\t\t\t\t\t\t\t\t<a href=\"https:\/\/martinstiftung.ch\/fr\/brunnen\/tags\/firmlinge-ettiswil-kottwil-alberswil-fr\/\">\n\t\t\t\t\t\t\t\t\t\tFirmlinge Ettiswil-Kottwil-Alberswil (1)\n\t\t\t\t\t\t\t\t\t<\/a>\n\t\t\t\t\t\t\t\t<\/li>\n\t\t\t\t\t\t\t\t\t\t\t\t\t\t\t<li>\n\t\t\t\t\t\t\t\t\t<a href=\"https:\/\/martinstiftung.ch\/fr\/brunnen\/tags\/follerau-assoc-francaise-fr\/\">\n\t\t\t\t\t\t\t\t\t\tFollerau | Assoc. Fran\u00e7aise (2)\n\t\t\t\t\t\t\t\t\t<\/a>\n\t\t\t\t\t\t\t\t<\/li>\n\t\t\t\t\t\t\t\t\t\t\t\t\t\t\t<li>\n\t\t\t\t\t\t\t\t\t<a href=\"https:\/\/martinstiftung.ch\/fr\/brunnen\/tags\/fondation-a-j-jurt-monaco-fr\/\">\n\t\t\t\t\t\t\t\t\t\tFondation A. + J. Jurt | Monaco (3)\n\t\t\t\t\t\t\t\t\t<\/a>\n\t\t\t\t\t\t\t\t<\/li>\n\t\t\t\t\t\t\t\t\t\t\t\t\t\t\t<li>\n\t\t\t\t\t\t\t\t\t<a href=\"https:\/\/martinstiftung.ch\/fr\/brunnen\/tags\/fondation-roncalli-canada-fr\/\">\n\t\t\t\t\t\t\t\t\t\tFondation Roncalli | Canada (56)\n\t\t\t\t\t\t\t\t\t<\/a>\n\t\t\t\t\t\t\t\t<\/li>\n\t\t\t\t\t\t\t\t\t\t\t\t\t\t\t<li>\n\t\t\t\t\t\t\t\t\t<a href=\"https:\/\/martinstiftung.ch\/fr\/brunnen\/tags\/fondation-saint-paul-fribourg-fr\/\">\n\t\t\t\t\t\t\t\t\t\tFondation Saint-Paul | Fribourg (3)\n\t\t\t\t\t\t\t\t\t<\/a>\n\t\t\t\t\t\t\t\t<\/li>\n\t\t\t\t\t\t\t\t\t\t\t\t\t\t\t<li>\n\t\t\t\t\t\t\t\t\t<a href=\"https:\/\/martinstiftung.ch\/fr\/brunnen\/tags\/fondation-stavros-niarchos-monaco-fr\/\">\n\t\t\t\t\t\t\t\t\t\tFondation Stavros Niarchos | Monaco (10)\n\t\t\t\t\t\t\t\t\t<\/a>\n\t\t\t\t\t\t\t\t<\/li>\n\t\t\t\t\t\t\t\t\t\t\t\t\t\t\t<li>\n\t\t\t\t\t\t\t\t\t<a href=\"https:\/\/martinstiftung.ch\/fr\/brunnen\/tags\/frauenbund-muehlau-fr\/\">\n\t\t\t\t\t\t\t\t\t\tFrauenbund M\u00fchlau (1)\n\t\t\t\t\t\t\t\t\t<\/a>\n\t\t\t\t\t\t\t\t<\/li>\n\t\t\t\t\t\t\t\t\t\t\t\t\t\t\t<li>\n\t\t\t\t\t\t\t\t\t<a href=\"https:\/\/martinstiftung.ch\/fr\/brunnen\/tags\/frei-partner-p-wil-fr\/\">\n\t\t\t\t\t\t\t\t\t\tFrei + Partner P. | Wil (1)\n\t\t\t\t\t\t\t\t\t<\/a>\n\t\t\t\t\t\t\t\t<\/li>\n\t\t\t\t\t\t\t\t\t\t\t\t\t\t\t<li>\n\t\t\t\t\t\t\t\t\t<a href=\"https:\/\/martinstiftung.ch\/fr\/brunnen\/tags\/freudiger-beni-brunnen-sz-fr\/\">\n\t\t\t\t\t\t\t\t\t\tFreudiger Beni | Brunnen SZ (5)\n\t\t\t\t\t\t\t\t\t<\/a>\n\t\t\t\t\t\t\t\t<\/li>\n\t\t\t\t\t\t\t\t\t\t\t\t\t\t\t<li>\n\t\t\t\t\t\t\t\t\t<a href=\"https:\/\/martinstiftung.ch\/fr\/brunnen\/tags\/frisba-ag-rickenbach-lu-fr\/\">\n\t\t\t\t\t\t\t\t\t\tFrisba AG | Rickenbach LU (1)\n\t\t\t\t\t\t\t\t\t<\/a>\n\t\t\t\t\t\t\t\t<\/li>\n\t\t\t\t\t\t\t\t\t\t\t\t\t<\/ul>\n\t\t\t\t\t<\/div>\n\t\t\t\t\t\t\t\t\t\t\t\t\t\t\t\t\t\t\t<div class=\"letter-section\"\n\t\t\t\t\t\tid=\"a-z-listing-letter-G-1\">\n\t\t\t\t\t\t<h2 class=\"letter-title\">\n\t\t\t\t\t\t\t<span>\n\t\t\t\t\t\t\t\tG\t\t\t\t\t\t\t<\/span>\n\t\t\t\t\t\t<\/h2>\n\t\t\t\t\t\t\t\t\t\t\t\t<ul class=\"columns max-4-columns\">\n\t\t\t\t\t\t\t\t\t\t\t\t\t\t\t<li>\n\t\t\t\t\t\t\t\t\t<a href=\"https:\/\/martinstiftung.ch\/fr\/brunnen\/tags\/gebrueder-hodel-ag-zug-fr\/\">\n\t\t\t\t\t\t\t\t\t\tGebr\u00fcder Hodel AG | Zug (1)\n\t\t\t\t\t\t\t\t\t<\/a>\n\t\t\t\t\t\t\t\t<\/li>\n\t\t\t\t\t\t\t\t\t\t\t\t\t\t\t<li>\n\t\t\t\t\t\t\t\t\t<a href=\"https:\/\/martinstiftung.ch\/fr\/brunnen\/tags\/gebr-baur-ag-baar-fr\/\">\n\t\t\t\t\t\t\t\t\t\tGebr. Baur AG | Baar (1)\n\t\t\t\t\t\t\t\t\t<\/a>\n\t\t\t\t\t\t\t\t<\/li>\n\t\t\t\t\t\t\t\t\t\t\t\t\t\t\t<li>\n\t\t\t\t\t\t\t\t\t<a href=\"https:\/\/martinstiftung.ch\/fr\/brunnen\/tags\/gedenken-an-agnes-braun-fr\/\">\n\t\t\t\t\t\t\t\t\t\tGedenken an Agnes Braun (1)\n\t\t\t\t\t\t\t\t\t<\/a>\n\t\t\t\t\t\t\t\t<\/li>\n\t\t\t\t\t\t\t\t\t\t\t\t\t\t\t<li>\n\t\t\t\t\t\t\t\t\t<a href=\"https:\/\/martinstiftung.ch\/fr\/brunnen\/tags\/gedenken-an-alois-stadelmann-fr\/\">\n\t\t\t\t\t\t\t\t\t\tGedenken an Alois Stadelmann (1)\n\t\t\t\t\t\t\t\t\t<\/a>\n\t\t\t\t\t\t\t\t<\/li>\n\t\t\t\t\t\t\t\t\t\t\t\t\t\t\t<li>\n\t\t\t\t\t\t\t\t\t<a href=\"https:\/\/martinstiftung.ch\/fr\/brunnen\/tags\/gedenken-an-brotschi-heinz-immensee-fr\/\">\n\t\t\t\t\t\t\t\t\t\tGedenken an Brotschi Heinz | Immensee (1)\n\t\t\t\t\t\t\t\t\t<\/a>\n\t\t\t\t\t\t\t\t<\/li>\n\t\t\t\t\t\t\t\t\t\t\t\t\t\t\t<li>\n\t\t\t\t\t\t\t\t\t<a href=\"https:\/\/martinstiftung.ch\/fr\/brunnen\/tags\/gedenken-an-bruegger-grimm-urs-huenenberg-fr\/\">\n\t\t\t\t\t\t\t\t\t\tGedenken an Br\u00fcgger-Grimm Urs | H\u00fcnenberg (1)\n\t\t\t\t\t\t\t\t\t<\/a>\n\t\t\t\t\t\t\t\t<\/li>\n\t\t\t\t\t\t\t\t\t\t\t\t\t\t\t<li>\n\t\t\t\t\t\t\t\t\t<a href=\"https:\/\/martinstiftung.ch\/fr\/brunnen\/tags\/gedenken-an-christen-gersbach-elsa-fr\/\">\n\t\t\t\t\t\t\t\t\t\tGedenken an Christen-Gersbach Elsa (1)\n\t\t\t\t\t\t\t\t\t<\/a>\n\t\t\t\t\t\t\t\t<\/li>\n\t\t\t\t\t\t\t\t\t\t\t\t\t\t\t<li>\n\t\t\t\t\t\t\t\t\t<a href=\"https:\/\/martinstiftung.ch\/fr\/brunnen\/tags\/gedenken-an-doris-mueller-fr\/\">\n\t\t\t\t\t\t\t\t\t\tGedenken an Doris M\u00fcller (1)\n\t\t\t\t\t\t\t\t\t<\/a>\n\t\t\t\t\t\t\t\t<\/li>\n\t\t\t\t\t\t\t\t\t\t\t\t\t\t\t<li>\n\t\t\t\t\t\t\t\t\t<a href=\"https:\/\/martinstiftung.ch\/fr\/brunnen\/tags\/gedenken-an-engeler-felix-fr\/\">\n\t\t\t\t\t\t\t\t\t\tGedenken an Engeler Felix (1)\n\t\t\t\t\t\t\t\t\t<\/a>\n\t\t\t\t\t\t\t\t<\/li>\n\t\t\t\t\t\t\t\t\t\t\t\t\t\t\t<li>\n\t\t\t\t\t\t\t\t\t<a href=\"https:\/\/martinstiftung.ch\/fr\/brunnen\/tags\/gedenken-an-erika-und-attilio-ghilardelli-hauri-harkingen-so-fr\/\">\n\t\t\t\t\t\t\t\t\t\tGedenken an Erika und Attilio Ghilardelli-Hauri - Harkingen SO (1)\n\t\t\t\t\t\t\t\t\t<\/a>\n\t\t\t\t\t\t\t\t<\/li>\n\t\t\t\t\t\t\t\t\t\t\t\t\t\t\t<li>\n\t\t\t\t\t\t\t\t\t<a href=\"https:\/\/martinstiftung.ch\/fr\/brunnen\/tags\/gedenken-an-f-inderbitzin-f-fr\/\">\n\t\t\t\t\t\t\t\t\t\tGedenken an F.Inderbitzin F. (1)\n\t\t\t\t\t\t\t\t\t<\/a>\n\t\t\t\t\t\t\t\t<\/li>\n\t\t\t\t\t\t\t\t\t\t\t\t\t\t\t<li>\n\t\t\t\t\t\t\t\t\t<a href=\"https:\/\/martinstiftung.ch\/fr\/brunnen\/tags\/gedenken-an-gertrud-krieger-fr\/\">\n\t\t\t\t\t\t\t\t\t\tGedenken an Gertrud Krieger (2)\n\t\t\t\t\t\t\t\t\t<\/a>\n\t\t\t\t\t\t\t\t<\/li>\n\t\t\t\t\t\t\t\t\t\t\t\t\t\t\t<li>\n\t\t\t\t\t\t\t\t\t<a href=\"https:\/\/martinstiftung.ch\/fr\/brunnen\/tags\/gedenken-an-gysi-august-fr\/\">\n\t\t\t\t\t\t\t\t\t\tGedenken an Gysi August (1)\n\t\t\t\t\t\t\t\t\t<\/a>\n\t\t\t\t\t\t\t\t<\/li>\n\t\t\t\t\t\t\t\t\t\t\t\t\t\t\t<li>\n\t\t\t\t\t\t\t\t\t<a href=\"https:\/\/martinstiftung.ch\/fr\/brunnen\/tags\/gedenken-an-holliger-max-luzern-fr\/\">\n\t\t\t\t\t\t\t\t\t\tGedenken an Holliger Max | Luzern (1)\n\t\t\t\t\t\t\t\t\t<\/a>\n\t\t\t\t\t\t\t\t<\/li>\n\t\t\t\t\t\t\t\t\t\t\t\t\t\t\t<li>\n\t\t\t\t\t\t\t\t\t<a href=\"https:\/\/martinstiftung.ch\/fr\/brunnen\/tags\/gedenken-an-kempf-b-fr\/\">\n\t\t\t\t\t\t\t\t\t\tGedenken an Kempf B. (1)\n\t\t\t\t\t\t\t\t\t<\/a>\n\t\t\t\t\t\t\t\t<\/li>\n\t\t\t\t\t\t\t\t\t\t\t\t\t\t\t<li>\n\t\t\t\t\t\t\t\t\t<a href=\"https:\/\/martinstiftung.ch\/fr\/brunnen\/tags\/gedenken-an-koller-maria-appenzell-fr\/\">\n\t\t\t\t\t\t\t\t\t\tGedenken an Koller Maria | Appenzell (13)\n\t\t\t\t\t\t\t\t\t<\/a>\n\t\t\t\t\t\t\t\t<\/li>\n\t\t\t\t\t\t\t\t\t\t\t\t\t\t\t<li>\n\t\t\t\t\t\t\t\t\t<a href=\"https:\/\/martinstiftung.ch\/fr\/brunnen\/tags\/gedenken-an-krieger-h-fr\/\">\n\t\t\t\t\t\t\t\t\t\tGedenken an Krieger H. (1)\n\t\t\t\t\t\t\t\t\t<\/a>\n\t\t\t\t\t\t\t\t<\/li>\n\t\t\t\t\t\t\t\t\t\t\t\t\t\t\t<li>\n\t\t\t\t\t\t\t\t\t<a href=\"https:\/\/martinstiftung.ch\/fr\/brunnen\/tags\/gedenken-an-langenegger-leo-fr\/\">\n\t\t\t\t\t\t\t\t\t\tGedenken an Langenegger Leo (4)\n\t\t\t\t\t\t\t\t\t<\/a>\n\t\t\t\t\t\t\t\t<\/li>\n\t\t\t\t\t\t\t\t\t\t\t\t\t\t\t<li>\n\t\t\t\t\t\t\t\t\t<a href=\"https:\/\/martinstiftung.ch\/fr\/brunnen\/tags\/gedenken-an-marbach-hans-fr\/\">\n\t\t\t\t\t\t\t\t\t\tGedenken an Marbach Hans (1)\n\t\t\t\t\t\t\t\t\t<\/a>\n\t\t\t\t\t\t\t\t<\/li>\n\t\t\t\t\t\t\t\t\t\t\t\t\t\t\t<li>\n\t\t\t\t\t\t\t\t\t<a href=\"https:\/\/martinstiftung.ch\/fr\/brunnen\/tags\/gedenken-an-miller-heidger-fritz-fr\/\">\n\t\t\t\t\t\t\t\t\t\tGedenken an Miller-Heidger Fritz (1)\n\t\t\t\t\t\t\t\t\t<\/a>\n\t\t\t\t\t\t\t\t<\/li>\n\t\t\t\t\t\t\t\t\t\t\t\t\t\t\t<li>\n\t\t\t\t\t\t\t\t\t<a href=\"https:\/\/martinstiftung.ch\/fr\/brunnen\/tags\/gedenken-an-paul-gebhart-christen-luzern-fr\/\">\n\t\t\t\t\t\t\t\t\t\tGedenken an Paul Gebhart-Christen | Luzern (1)\n\t\t\t\t\t\t\t\t\t<\/a>\n\t\t\t\t\t\t\t\t<\/li>\n\t\t\t\t\t\t\t\t\t\t\t\t\t\t\t<li>\n\t\t\t\t\t\t\t\t\t<a href=\"https:\/\/martinstiftung.ch\/fr\/brunnen\/tags\/gedenken-an-stauffer-paul-fr\/\">\n\t\t\t\t\t\t\t\t\t\tGedenken an Stauffer Paul (1)\n\t\t\t\t\t\t\t\t\t<\/a>\n\t\t\t\t\t\t\t\t<\/li>\n\t\t\t\t\t\t\t\t\t\t\t\t\t\t\t<li>\n\t\t\t\t\t\t\t\t\t<a href=\"https:\/\/martinstiftung.ch\/fr\/brunnen\/tags\/gedenken-an-stocker-dossenbach-kaethi-baar-fr\/\">\n\t\t\t\t\t\t\t\t\t\tGedenken an Stocker-Dossenbach K\u00e4thi | Baar (1)\n\t\t\t\t\t\t\t\t\t<\/a>\n\t\t\t\t\t\t\t\t<\/li>\n\t\t\t\t\t\t\t\t\t\t\t\t\t\t\t<li>\n\t\t\t\t\t\t\t\t\t<a href=\"https:\/\/martinstiftung.ch\/fr\/brunnen\/tags\/gedenken-an-s-e-mgr-jean-zoa-erzbischof-yaounde-fr\/\">\n\t\t\t\t\t\t\t\t\t\tGedenken an S.E. Mgr. Jean ZOA | Erzbischof Yaound\u00e9 (1)\n\t\t\t\t\t\t\t\t\t<\/a>\n\t\t\t\t\t\t\t\t<\/li>\n\t\t\t\t\t\t\t\t\t\t\t\t\t\t\t<li>\n\t\t\t\t\t\t\t\t\t<a href=\"https:\/\/martinstiftung.ch\/fr\/brunnen\/tags\/gedenken-an-vonarburg-leo-kuesnacht-fr\/\">\n\t\t\t\t\t\t\t\t\t\tGedenken an Vonarburg Leo | K\u00fcsnacht (1)\n\t\t\t\t\t\t\t\t\t<\/a>\n\t\t\t\t\t\t\t\t<\/li>\n\t\t\t\t\t\t\t\t\t\t\t\t\t\t\t<li>\n\t\t\t\t\t\t\t\t\t<a href=\"https:\/\/martinstiftung.ch\/fr\/brunnen\/tags\/gedenken-an-weber-steiner-peter-m-fr\/\">\n\t\t\t\t\t\t\t\t\t\tGedenken an Weber-Steiner Peter M. (1)\n\t\t\t\t\t\t\t\t\t<\/a>\n\t\t\t\t\t\t\t\t<\/li>\n\t\t\t\t\t\t\t\t\t\t\t\t\t\t\t<li>\n\t\t\t\t\t\t\t\t\t<a href=\"https:\/\/martinstiftung.ch\/fr\/brunnen\/tags\/gedenken-benedikt-hegner-ferrari-oberaegeri-fr\/\">\n\t\t\t\t\t\t\t\t\t\tGedenken Benedikt Hegner-Ferrari Ober\u00e4geri (1)\n\t\t\t\t\t\t\t\t\t<\/a>\n\t\t\t\t\t\t\t\t<\/li>\n\t\t\t\t\t\t\t\t\t\t\t\t\t\t\t<li>\n\t\t\t\t\t\t\t\t\t<a href=\"https:\/\/martinstiftung.ch\/fr\/brunnen\/tags\/gemeinde-baar-fr\/\">\n\t\t\t\t\t\t\t\t\t\tGemeinde Baar (30)\n\t\t\t\t\t\t\t\t\t<\/a>\n\t\t\t\t\t\t\t\t<\/li>\n\t\t\t\t\t\t\t\t\t\t\t\t\t\t\t<li>\n\t\t\t\t\t\t\t\t\t<a href=\"https:\/\/martinstiftung.ch\/fr\/brunnen\/tags\/gemeinde-huenenberg-fr\/\">\n\t\t\t\t\t\t\t\t\t\tGemeinde H\u00fcnenberg (4)\n\t\t\t\t\t\t\t\t\t<\/a>\n\t\t\t\t\t\t\t\t<\/li>\n\t\t\t\t\t\t\t\t\t\t\t\t\t\t\t<li>\n\t\t\t\t\t\t\t\t\t<a href=\"https:\/\/martinstiftung.ch\/fr\/brunnen\/tags\/gemeinde-walchwil-fr\/\">\n\t\t\t\t\t\t\t\t\t\tGemeinde Walchwil (1)\n\t\t\t\t\t\t\t\t\t<\/a>\n\t\t\t\t\t\t\t\t<\/li>\n\t\t\t\t\t\t\t\t\t\t\t\t\t\t\t<li>\n\t\t\t\t\t\t\t\t\t<a href=\"https:\/\/martinstiftung.ch\/fr\/brunnen\/tags\/glastechnik-schuermann-gmbh-huenenberg-fr\/\">\n\t\t\t\t\t\t\t\t\t\tGlastechnik Sch\u00fcrmann GmbH | H\u00fcnenberg (3)\n\t\t\t\t\t\t\t\t\t<\/a>\n\t\t\t\t\t\t\t\t<\/li>\n\t\t\t\t\t\t\t\t\t\t\t\t\t\t\t<li>\n\t\t\t\t\t\t\t\t\t<a href=\"https:\/\/martinstiftung.ch\/fr\/brunnen\/tags\/groupe-terre-solidaire-geneve-fr\/\">\n\t\t\t\t\t\t\t\t\t\tGroupe \"\"Terre Solidaire\"\" | Gen\u00e8ve (1)\n\t\t\t\t\t\t\t\t\t<\/a>\n\t\t\t\t\t\t\t\t<\/li>\n\t\t\t\t\t\t\t\t\t\t\t\t\t\t\t<li>\n\t\t\t\t\t\t\t\t\t<a href=\"https:\/\/martinstiftung.ch\/fr\/brunnen\/tags\/gugler-brunnen-buttisholz-fr\/\">\n\t\t\t\t\t\t\t\t\t\tGugler-Brunnen | Buttisholz (1)\n\t\t\t\t\t\t\t\t\t<\/a>\n\t\t\t\t\t\t\t\t<\/li>\n\t\t\t\t\t\t\t\t\t\t\t\t\t<\/ul>\n\t\t\t\t\t<\/div>\n\t\t\t\t\t\t\t\t\t\t\t\t\t\t\t\t\t\t\t<div class=\"letter-section\"\n\t\t\t\t\t\tid=\"a-z-listing-letter-H-1\">\n\t\t\t\t\t\t<h2 class=\"letter-title\">\n\t\t\t\t\t\t\t<span>\n\t\t\t\t\t\t\t\tH\t\t\t\t\t\t\t<\/span>\n\t\t\t\t\t\t<\/h2>\n\t\t\t\t\t\t\t\t\t\t\t\t<ul class=\"columns max-1-columns\">\n\t\t\t\t\t\t\t\t\t\t\t\t\t\t\t<li>\n\t\t\t\t\t\t\t\t\t<a href=\"https:\/\/martinstiftung.ch\/fr\/brunnen\/tags\/halfan-gruppe-baar-fr\/\">\n\t\t\t\t\t\t\t\t\t\tHALFAN-Gruppe | Baar (1)\n\t\t\t\t\t\t\t\t\t<\/a>\n\t\t\t\t\t\t\t\t<\/li>\n\t\t\t\t\t\t\t\t\t\t\t\t\t\t\t<li>\n\t\t\t\t\t\t\t\t\t<a href=\"https:\/\/martinstiftung.ch\/fr\/brunnen\/tags\/hotel-guesthouse-eiger-muerren-fr\/\">\n\t\t\t\t\t\t\t\t\t\tHotel &amp; Guesthouse Eiger | M\u00fcrren (2)\n\t\t\t\t\t\t\t\t\t<\/a>\n\t\t\t\t\t\t\t\t<\/li>\n\t\t\t\t\t\t\t\t\t\t\t\t\t\t\t<li>\n\t\t\t\t\t\t\t\t\t<a href=\"https:\/\/martinstiftung.ch\/fr\/brunnen\/tags\/hufschmid-m-ag-zug-fr\/\">\n\t\t\t\t\t\t\t\t\t\tHufschmid M. AG | Zug (1)\n\t\t\t\t\t\t\t\t\t<\/a>\n\t\t\t\t\t\t\t\t<\/li>\n\t\t\t\t\t\t\t\t\t\t\t\t\t<\/ul>\n\t\t\t\t\t<\/div>\n\t\t\t\t\t\t\t\t\t\t\t\t\t\t\t\t\t\t\t<div class=\"letter-section\"\n\t\t\t\t\t\tid=\"a-z-listing-letter-I-1\">\n\t\t\t\t\t\t<h2 class=\"letter-title\">\n\t\t\t\t\t\t\t<span>\n\t\t\t\t\t\t\t\tI\t\t\t\t\t\t\t<\/span>\n\t\t\t\t\t\t<\/h2>\n\t\t\t\t\t\t\t\t\t\t\t\t<ul class=\"columns max-1-columns\">\n\t\t\t\t\t\t\t\t\t\t\t\t\t\t\t<li>\n\t\t\t\t\t\t\t\t\t<a href=\"https:\/\/martinstiftung.ch\/fr\/brunnen\/tags\/imholz-silvia-richard-buchrain-fr\/\">\n\t\t\t\t\t\t\t\t\t\tImholz Silvia + Richard | Buchrain (1)\n\t\t\t\t\t\t\t\t\t<\/a>\n\t\t\t\t\t\t\t\t<\/li>\n\t\t\t\t\t\t\t\t\t\t\t\t\t\t\t<li>\n\t\t\t\t\t\t\t\t\t<a href=\"https:\/\/martinstiftung.ch\/fr\/brunnen\/tags\/impala-de-freiburg-i-br-fr\/\">\n\t\t\t\t\t\t\t\t\t\tImpala | DE-Freiburg i. Br. (1)\n\t\t\t\t\t\t\t\t\t<\/a>\n\t\t\t\t\t\t\t\t<\/li>\n\t\t\t\t\t\t\t\t\t\t\t\t\t\t\t<li>\n\t\t\t\t\t\t\t\t\t<a href=\"https:\/\/martinstiftung.ch\/fr\/brunnen\/tags\/ineichen-ag-zug-baar-fr\/\">\n\t\t\t\t\t\t\t\t\t\tIneichen AG Zug | Baar (3)\n\t\t\t\t\t\t\t\t\t<\/a>\n\t\t\t\t\t\t\t\t<\/li>\n\t\t\t\t\t\t\t\t\t\t\t\t\t\t\t<li>\n\t\t\t\t\t\t\t\t\t<a href=\"https:\/\/martinstiftung.ch\/fr\/brunnen\/tags\/ingenieure-ohne-grenzen-e-v-de-marburg-fr\/\">\n\t\t\t\t\t\t\t\t\t\tIngenieure ohne Grenzen e.V. | DE-Marburg (2)\n\t\t\t\t\t\t\t\t\t<\/a>\n\t\t\t\t\t\t\t\t<\/li>\n\t\t\t\t\t\t\t\t\t\t\t\t\t\t\t<li>\n\t\t\t\t\t\t\t\t\t<a href=\"https:\/\/martinstiftung.ch\/fr\/brunnen\/tags\/ircod-et-la-commune-dakono-fr\/\">\n\t\t\t\t\t\t\t\t\t\tIRCOD et la Commune d'Akono (8)\n\t\t\t\t\t\t\t\t\t<\/a>\n\t\t\t\t\t\t\t\t<\/li>\n\t\t\t\t\t\t\t\t\t\t\t\t\t\t\t<li>\n\t\t\t\t\t\t\t\t\t<a href=\"https:\/\/martinstiftung.ch\/fr\/brunnen\/tags\/isf-donostia-espagne-fr\/\">\n\t\t\t\t\t\t\t\t\t\tISF - Donostia | Espagne (5)\n\t\t\t\t\t\t\t\t\t<\/a>\n\t\t\t\t\t\t\t\t<\/li>\n\t\t\t\t\t\t\t\t\t\t\t\t\t<\/ul>\n\t\t\t\t\t<\/div>\n\t\t\t\t\t\t\t\t\t\t\t\t\t\t\t\t\t\t\t<div class=\"letter-section\"\n\t\t\t\t\t\tid=\"a-z-listing-letter-J-1\">\n\t\t\t\t\t\t<h2 class=\"letter-title\">\n\t\t\t\t\t\t\t<span>\n\t\t\t\t\t\t\t\tJ\t\t\t\t\t\t\t<\/span>\n\t\t\t\t\t\t<\/h2>\n\t\t\t\t\t\t\t\t\t\t\t\t<ul class=\"columns max-1-columns\">\n\t\t\t\t\t\t\t\t\t\t\t\t\t\t\t<li>\n\t\t\t\t\t\t\t\t\t<a href=\"https:\/\/martinstiftung.ch\/fr\/brunnen\/tags\/jaeger-jean-paul-annelies-baar-fr\/\">\n\t\t\t\t\t\t\t\t\t\tJ\u00e4ger Jean-Paul &amp; Annelies | Baar (1)\n\t\t\t\t\t\t\t\t\t<\/a>\n\t\t\t\t\t\t\t\t<\/li>\n\t\t\t\t\t\t\t\t\t\t\t\t\t\t\t<li>\n\t\t\t\t\t\t\t\t\t<a href=\"https:\/\/martinstiftung.ch\/fr\/brunnen\/tags\/jeggli-fridolin-zug-fr\/\">\n\t\t\t\t\t\t\t\t\t\tJeggli Fridolin | Zug (1)\n\t\t\t\t\t\t\t\t\t<\/a>\n\t\t\t\t\t\t\t\t<\/li>\n\t\t\t\t\t\t\t\t\t\t\t\t\t<\/ul>\n\t\t\t\t\t<\/div>\n\t\t\t\t\t\t\t\t\t\t\t\t\t\t\t\t\t\t\t<div class=\"letter-section\"\n\t\t\t\t\t\tid=\"a-z-listing-letter-K-1\">\n\t\t\t\t\t\t<h2 class=\"letter-title\">\n\t\t\t\t\t\t\t<span>\n\t\t\t\t\t\t\t\tK\t\t\t\t\t\t\t<\/span>\n\t\t\t\t\t\t<\/h2>\n\t\t\t\t\t\t\t\t\t\t\t\t<ul class=\"columns max-3-columns\">\n\t\t\t\t\t\t\t\t\t\t\t\t\t\t\t<li>\n\t\t\t\t\t\t\t\t\t<a href=\"https:\/\/martinstiftung.ch\/fr\/brunnen\/tags\/kaeppeli-edwin-ag-cham-fr\/\">\n\t\t\t\t\t\t\t\t\t\tKaeppeli Edwin AG | Cham (1)\n\t\t\t\t\t\t\t\t\t<\/a>\n\t\t\t\t\t\t\t\t<\/li>\n\t\t\t\t\t\t\t\t\t\t\t\t\t\t\t<li>\n\t\t\t\t\t\t\t\t\t<a href=\"https:\/\/martinstiftung.ch\/fr\/brunnen\/tags\/kanne-b-b-van-reekum-materials-bv-nl-apeldoorn-fr\/\">\n\t\t\t\t\t\t\t\t\t\tKanne B.+B | van Reekum Materials bv. | NL-Apeldoorn (1)\n\t\t\t\t\t\t\t\t\t<\/a>\n\t\t\t\t\t\t\t\t<\/li>\n\t\t\t\t\t\t\t\t\t\t\t\t\t\t\t<li>\n\t\t\t\t\t\t\t\t\t<a href=\"https:\/\/martinstiftung.ch\/fr\/brunnen\/tags\/kantone-schwyz-uri-nid-und-obwalden-fr\/\">\n\t\t\t\t\t\t\t\t\t\tKantone: Schwyz | Uri | Nid- und Obwalden (1)\n\t\t\t\t\t\t\t\t\t<\/a>\n\t\t\t\t\t\t\t\t<\/li>\n\t\t\t\t\t\t\t\t\t\t\t\t\t\t\t<li>\n\t\t\t\t\t\t\t\t\t<a href=\"https:\/\/martinstiftung.ch\/fr\/brunnen\/tags\/kanton-zug-fr\/\">\n\t\t\t\t\t\t\t\t\t\tKanton Zug (16)\n\t\t\t\t\t\t\t\t\t<\/a>\n\t\t\t\t\t\t\t\t<\/li>\n\t\t\t\t\t\t\t\t\t\t\t\t\t\t\t<li>\n\t\t\t\t\t\t\t\t\t<a href=\"https:\/\/martinstiftung.ch\/fr\/brunnen\/tags\/katholische-kirchgemeinde-maria-lourdes-fr\/\">\n\t\t\t\t\t\t\t\t\t\tKatholische Kirchgemeinde Maria Lourdes (2)\n\t\t\t\t\t\t\t\t\t<\/a>\n\t\t\t\t\t\t\t\t<\/li>\n\t\t\t\t\t\t\t\t\t\t\t\t\t\t\t<li>\n\t\t\t\t\t\t\t\t\t<a href=\"https:\/\/martinstiftung.ch\/fr\/brunnen\/tags\/kath-kirchgemeinde-baar-fr\/\">\n\t\t\t\t\t\t\t\t\t\tKath. Kirchgemeinde Baar (8)\n\t\t\t\t\t\t\t\t\t<\/a>\n\t\t\t\t\t\t\t\t<\/li>\n\t\t\t\t\t\t\t\t\t\t\t\t\t\t\t<li>\n\t\t\t\t\t\t\t\t\t<a href=\"https:\/\/martinstiftung.ch\/fr\/brunnen\/tags\/kath-kirchgemeinde-bregtal-de-furtwangen-fr\/\">\n\t\t\t\t\t\t\t\t\t\tKath. Kirchgemeinde Bregtal | DE-Furtwangen (1)\n\t\t\t\t\t\t\t\t\t<\/a>\n\t\t\t\t\t\t\t\t<\/li>\n\t\t\t\t\t\t\t\t\t\t\t\t\t\t\t<li>\n\t\t\t\t\t\t\t\t\t<a href=\"https:\/\/martinstiftung.ch\/fr\/brunnen\/tags\/kath-kirchgemeinde-ettlingen-spessart-fr\/\">\n\t\t\t\t\t\t\t\t\t\tKath. Kirchgemeinde Ettlingen | Spessart (1)\n\t\t\t\t\t\t\t\t\t<\/a>\n\t\t\t\t\t\t\t\t<\/li>\n\t\t\t\t\t\t\t\t\t\t\t\t\t\t\t<li>\n\t\t\t\t\t\t\t\t\t<a href=\"https:\/\/martinstiftung.ch\/fr\/brunnen\/tags\/kath-kirchgemeinde-kuesnacht-erlenbach-fr\/\">\n\t\t\t\t\t\t\t\t\t\tKath. Kirchgemeinde K\u00fcsnacht-Erlenbach (1)\n\t\t\t\t\t\t\t\t\t<\/a>\n\t\t\t\t\t\t\t\t<\/li>\n\t\t\t\t\t\t\t\t\t\t\t\t\t\t\t<li>\n\t\t\t\t\t\t\t\t\t<a href=\"https:\/\/martinstiftung.ch\/fr\/brunnen\/tags\/kath-kirchgemeinde-unteraegeri-fr\/\">\n\t\t\t\t\t\t\t\t\t\tKath. Kirchgemeinde | Unter\u00e4geri (1)\n\t\t\t\t\t\t\t\t\t<\/a>\n\t\t\t\t\t\t\t\t<\/li>\n\t\t\t\t\t\t\t\t\t\t\t\t\t\t\t<li>\n\t\t\t\t\t\t\t\t\t<a href=\"https:\/\/martinstiftung.ch\/fr\/brunnen\/tags\/kath-kirchgemeinde-winterthur-fr\/\">\n\t\t\t\t\t\t\t\t\t\tKath. Kirchgemeinde | Winterthur (2)\n\t\t\t\t\t\t\t\t\t<\/a>\n\t\t\t\t\t\t\t\t<\/li>\n\t\t\t\t\t\t\t\t\t\t\t\t\t\t\t<li>\n\t\t\t\t\t\t\t\t\t<a href=\"https:\/\/martinstiftung.ch\/fr\/brunnen\/tags\/kath-landeskirche-aargau-fr\/\">\n\t\t\t\t\t\t\t\t\t\tKath. Landeskirche | Aargau (2)\n\t\t\t\t\t\t\t\t\t<\/a>\n\t\t\t\t\t\t\t\t<\/li>\n\t\t\t\t\t\t\t\t\t\t\t\t\t\t\t<li>\n\t\t\t\t\t\t\t\t\t<a href=\"https:\/\/martinstiftung.ch\/fr\/brunnen\/tags\/kath-pfarramt-christ-koenig-kloten-fr\/\">\n\t\t\t\t\t\t\t\t\t\tKath. Pfarramt Christ-K\u00f6nig | Kloten (1)\n\t\t\t\t\t\t\t\t\t<\/a>\n\t\t\t\t\t\t\t\t<\/li>\n\t\t\t\t\t\t\t\t\t\t\t\t\t\t\t<li>\n\t\t\t\t\t\t\t\t\t<a href=\"https:\/\/martinstiftung.ch\/fr\/brunnen\/tags\/kath-pfarramt-hochdorf-fr\/\">\n\t\t\t\t\t\t\t\t\t\tKath. Pfarramt Hochdorf (1)\n\t\t\t\t\t\t\t\t\t<\/a>\n\t\t\t\t\t\t\t\t<\/li>\n\t\t\t\t\t\t\t\t\t\t\t\t\t\t\t<li>\n\t\t\t\t\t\t\t\t\t<a href=\"https:\/\/martinstiftung.ch\/fr\/brunnen\/tags\/kath-pfarramt-liebfrauen-zurich-fr\/\">\n\t\t\t\t\t\t\t\t\t\tKath. Pfarramt Liebfrauen | Zurich (1)\n\t\t\t\t\t\t\t\t\t<\/a>\n\t\t\t\t\t\t\t\t<\/li>\n\t\t\t\t\t\t\t\t\t\t\t\t\t\t\t<li>\n\t\t\t\t\t\t\t\t\t<a href=\"https:\/\/martinstiftung.ch\/fr\/brunnen\/tags\/kath-pfarramt-st-michael-zug-fr\/\">\n\t\t\t\t\t\t\t\t\t\tKath. Pfarramt St. Michael | Zug (1)\n\t\t\t\t\t\t\t\t\t<\/a>\n\t\t\t\t\t\t\t\t<\/li>\n\t\t\t\t\t\t\t\t\t\t\t\t\t\t\t<li>\n\t\t\t\t\t\t\t\t\t<a href=\"https:\/\/martinstiftung.ch\/fr\/brunnen\/tags\/kath-pfarrei-st-benignus-pfaeffikon-fr\/\">\n\t\t\t\t\t\t\t\t\t\tKath. Pfarrei St.Benignus | Pf\u00e4ffikon (1)\n\t\t\t\t\t\t\t\t\t<\/a>\n\t\t\t\t\t\t\t\t<\/li>\n\t\t\t\t\t\t\t\t\t\t\t\t\t\t\t<li>\n\t\t\t\t\t\t\t\t\t<a href=\"https:\/\/martinstiftung.ch\/fr\/brunnen\/tags\/kath-pfarrei-st-marien-waedenswil-fr\/\">\n\t\t\t\t\t\t\t\t\t\tKath. Pfarrei St. Marien | W\u00e4denswil (2)\n\t\t\t\t\t\t\t\t\t<\/a>\n\t\t\t\t\t\t\t\t<\/li>\n\t\t\t\t\t\t\t\t\t\t\t\t\t\t\t<li>\n\t\t\t\t\t\t\t\t\t<a href=\"https:\/\/martinstiftung.ch\/fr\/brunnen\/tags\/kath-pfarrei-walchwil-fr\/\">\n\t\t\t\t\t\t\t\t\t\tKath. Pfarrei Walchwil (3)\n\t\t\t\t\t\t\t\t\t<\/a>\n\t\t\t\t\t\t\t\t<\/li>\n\t\t\t\t\t\t\t\t\t\t\t\t\t\t\t<li>\n\t\t\t\t\t\t\t\t\t<a href=\"https:\/\/martinstiftung.ch\/fr\/brunnen\/tags\/keller-gabriela-grossaffoltern-fr\/\">\n\t\t\t\t\t\t\t\t\t\tKeller Gabriela | Grossaffoltern (1)\n\t\t\t\t\t\t\t\t\t<\/a>\n\t\t\t\t\t\t\t\t<\/li>\n\t\t\t\t\t\t\t\t\t\t\t\t\t\t\t<li>\n\t\t\t\t\t\t\t\t\t<a href=\"https:\/\/martinstiftung.ch\/fr\/brunnen\/tags\/kirchgemeinde-gallus-othmar-st-gallen-fr\/\">\n\t\t\t\t\t\t\t\t\t\tKirchgemeinde Gallus + Othmar | St.Gallen (1)\n\t\t\t\t\t\t\t\t\t<\/a>\n\t\t\t\t\t\t\t\t<\/li>\n\t\t\t\t\t\t\t\t\t\t\t\t\t\t\t<li>\n\t\t\t\t\t\t\t\t\t<a href=\"https:\/\/martinstiftung.ch\/fr\/brunnen\/tags\/kiwanis-clubs-ennetsee-zugerland-fr\/\">\n\t\t\t\t\t\t\t\t\t\tKiwanis Clubs Ennetsee + Zugerland (1)\n\t\t\t\t\t\t\t\t\t<\/a>\n\t\t\t\t\t\t\t\t<\/li>\n\t\t\t\t\t\t\t\t\t\t\t\t\t\t\t<li>\n\t\t\t\t\t\t\t\t\t<a href=\"https:\/\/martinstiftung.ch\/fr\/brunnen\/tags\/kloster-engelberg-fr\/\">\n\t\t\t\t\t\t\t\t\t\tKloster Engelberg (2)\n\t\t\t\t\t\t\t\t\t<\/a>\n\t\t\t\t\t\t\t\t<\/li>\n\t\t\t\t\t\t\t\t\t\t\t\t\t\t\t<li>\n\t\t\t\t\t\t\t\t\t<a href=\"https:\/\/martinstiftung.ch\/fr\/brunnen\/tags\/kloster-pfarrei-disentis-fr\/\">\n\t\t\t\t\t\t\t\t\t\tKloster + Pfarrei Disentis (1)\n\t\t\t\t\t\t\t\t\t<\/a>\n\t\t\t\t\t\t\t\t<\/li>\n\t\t\t\t\t\t\t\t\t\t\t\t\t\t\t<li>\n\t\t\t\t\t\t\t\t\t<a href=\"https:\/\/martinstiftung.ch\/fr\/brunnen\/tags\/kohler-barbara-kurt-zug-fr\/\">\n\t\t\t\t\t\t\t\t\t\tKohler Barbara + Kurt | Zug (1)\n\t\t\t\t\t\t\t\t\t<\/a>\n\t\t\t\t\t\t\t\t<\/li>\n\t\t\t\t\t\t\t\t\t\t\t\t\t\t\t<li>\n\t\t\t\t\t\t\t\t\t<a href=\"https:\/\/martinstiftung.ch\/fr\/brunnen\/tags\/konsulat-canada-fr\/\">\n\t\t\t\t\t\t\t\t\t\tKonsulat: Canada (5)\n\t\t\t\t\t\t\t\t\t<\/a>\n\t\t\t\t\t\t\t\t<\/li>\n\t\t\t\t\t\t\t\t\t\t\t\t\t\t\t<li>\n\t\t\t\t\t\t\t\t\t<a href=\"https:\/\/martinstiftung.ch\/fr\/brunnen\/tags\/konsulat-deutschland-fr\/\">\n\t\t\t\t\t\t\t\t\t\tKonsulat: Deutschland (2)\n\t\t\t\t\t\t\t\t\t<\/a>\n\t\t\t\t\t\t\t\t<\/li>\n\t\t\t\t\t\t\t\t\t\t\t\t\t\t\t<li>\n\t\t\t\t\t\t\t\t\t<a href=\"https:\/\/martinstiftung.ch\/fr\/brunnen\/tags\/konsulat-spanien-fr\/\">\n\t\t\t\t\t\t\t\t\t\tKonsulat: Spanien (1)\n\t\t\t\t\t\t\t\t\t<\/a>\n\t\t\t\t\t\t\t\t<\/li>\n\t\t\t\t\t\t\t\t\t\t\t\t\t\t\t<li>\n\t\t\t\t\t\t\t\t\t<a href=\"https:\/\/martinstiftung.ch\/fr\/brunnen\/tags\/korporation-baar-dorf-fr\/\">\n\t\t\t\t\t\t\t\t\t\tKorporation Baar-Dorf (4)\n\t\t\t\t\t\t\t\t\t<\/a>\n\t\t\t\t\t\t\t\t<\/li>\n\t\t\t\t\t\t\t\t\t\t\t\t\t<\/ul>\n\t\t\t\t\t<\/div>\n\t\t\t\t\t\t\t\t\t\t\t\t\t\t\t\t\t\t\t<div class=\"letter-section\"\n\t\t\t\t\t\tid=\"a-z-listing-letter-L-1\">\n\t\t\t\t\t\t<h2 class=\"letter-title\">\n\t\t\t\t\t\t\t<span>\n\t\t\t\t\t\t\t\tL\t\t\t\t\t\t\t<\/span>\n\t\t\t\t\t\t<\/h2>\n\t\t\t\t\t\t\t\t\t\t\t\t<ul class=\"columns max-1-columns\">\n\t\t\t\t\t\t\t\t\t\t\t\t\t\t\t<li>\n\t\t\t\t\t\t\t\t\t<a href=\"https:\/\/martinstiftung.ch\/fr\/brunnen\/tags\/lauber-leo-und-anna-maria-hochdorf-fr\/\">\n\t\t\t\t\t\t\t\t\t\tLauber Leo und Anna Maria | Hochdorf (1)\n\t\t\t\t\t\t\t\t\t<\/a>\n\t\t\t\t\t\t\t\t<\/li>\n\t\t\t\t\t\t\t\t\t\t\t\t\t\t\t<li>\n\t\t\t\t\t\t\t\t\t<a href=\"https:\/\/martinstiftung.ch\/fr\/brunnen\/tags\/lebendiges-dorf-kamerun-e-v-ludwigsburg-fr\/\">\n\t\t\t\t\t\t\t\t\t\tLebendiges Dorf Kamerun e.V. | Ludwigsburg (2)\n\t\t\t\t\t\t\t\t\t<\/a>\n\t\t\t\t\t\t\t\t<\/li>\n\t\t\t\t\t\t\t\t\t\t\t\t\t\t\t<li>\n\t\t\t\t\t\t\t\t\t<a href=\"https:\/\/martinstiftung.ch\/fr\/brunnen\/tags\/leutwyler-partner-architekten-ag-zug-fr\/\">\n\t\t\t\t\t\t\t\t\t\tLeutwyler Partner Architekten AG | Zug (1)\n\t\t\t\t\t\t\t\t\t<\/a>\n\t\t\t\t\t\t\t\t<\/li>\n\t\t\t\t\t\t\t\t\t\t\t\t\t\t\t<li>\n\t\t\t\t\t\t\t\t\t<a href=\"https:\/\/martinstiftung.ch\/fr\/brunnen\/tags\/lift-ag-regensdorf-fr\/\">\n\t\t\t\t\t\t\t\t\t\tLift AG | Regensdorf (3)\n\t\t\t\t\t\t\t\t\t<\/a>\n\t\t\t\t\t\t\t\t<\/li>\n\t\t\t\t\t\t\t\t\t\t\t\t\t\t\t<li>\n\t\t\t\t\t\t\t\t\t<a href=\"https:\/\/martinstiftung.ch\/fr\/brunnen\/tags\/lions-club-zugerland-zug-fr\/\">\n\t\t\t\t\t\t\t\t\t\tLions Club Zugerland | Zug (2)\n\t\t\t\t\t\t\t\t\t<\/a>\n\t\t\t\t\t\t\t\t<\/li>\n\t\t\t\t\t\t\t\t\t\t\t\t\t\t\t<li>\n\t\t\t\t\t\t\t\t\t<a href=\"https:\/\/martinstiftung.ch\/fr\/brunnen\/tags\/lions-club-zug-fr\/\">\n\t\t\t\t\t\t\t\t\t\tLions-Club Zug (1)\n\t\t\t\t\t\t\t\t\t<\/a>\n\t\t\t\t\t\t\t\t<\/li>\n\t\t\t\t\t\t\t\t\t\t\t\t\t\t\t<li>\n\t\t\t\t\t\t\t\t\t<a href=\"https:\/\/martinstiftung.ch\/fr\/brunnen\/tags\/lunor-entfeuchtungssysteme-zuerich-fr\/\">\n\t\t\t\t\t\t\t\t\t\tLunor Entfeuchtungssysteme | Z\u00fcrich (1)\n\t\t\t\t\t\t\t\t\t<\/a>\n\t\t\t\t\t\t\t\t<\/li>\n\t\t\t\t\t\t\t\t\t\t\t\t\t<\/ul>\n\t\t\t\t\t<\/div>\n\t\t\t\t\t\t\t\t\t\t\t\t\t\t\t\t\t\t\t<div class=\"letter-section\"\n\t\t\t\t\t\tid=\"a-z-listing-letter-M-1\">\n\t\t\t\t\t\t<h2 class=\"letter-title\">\n\t\t\t\t\t\t\t<span>\n\t\t\t\t\t\t\t\tM\t\t\t\t\t\t\t<\/span>\n\t\t\t\t\t\t<\/h2>\n\t\t\t\t\t\t\t\t\t\t\t\t<ul class=\"columns max-1-columns\">\n\t\t\t\t\t\t\t\t\t\t\t\t\t\t\t<li>\n\t\t\t\t\t\t\t\t\t<a href=\"https:\/\/martinstiftung.ch\/fr\/brunnen\/tags\/maison-de-formation-icm-fr\/\">\n\t\t\t\t\t\t\t\t\t\tMaison de Formation ICM (1)\n\t\t\t\t\t\t\t\t\t<\/a>\n\t\t\t\t\t\t\t\t<\/li>\n\t\t\t\t\t\t\t\t\t\t\t\t\t\t\t<li>\n\t\t\t\t\t\t\t\t\t<a href=\"https:\/\/martinstiftung.ch\/fr\/brunnen\/tags\/matter-arno-familie-fr\/\">\n\t\t\t\t\t\t\t\t\t\tMatter Arno | Familie (1)\n\t\t\t\t\t\t\t\t\t<\/a>\n\t\t\t\t\t\t\t\t<\/li>\n\t\t\t\t\t\t\t\t\t\t\t\t\t\t\t<li>\n\t\t\t\t\t\t\t\t\t<a href=\"https:\/\/martinstiftung.ch\/fr\/brunnen\/tags\/medela-ag-baar-fr\/\">\n\t\t\t\t\t\t\t\t\t\tMedela AG | Baar (1)\n\t\t\t\t\t\t\t\t\t<\/a>\n\t\t\t\t\t\t\t\t<\/li>\n\t\t\t\t\t\t\t\t\t\t\t\t\t\t\t<li>\n\t\t\t\t\t\t\t\t\t<a href=\"https:\/\/martinstiftung.ch\/fr\/brunnen\/tags\/michelsamt-gunzwil-bemuenster-lu-fr\/\">\n\t\t\t\t\t\t\t\t\t\tMichelsamt Gunzwil | Bem\u00fcnster LU (1)\n\t\t\t\t\t\t\t\t\t<\/a>\n\t\t\t\t\t\t\t\t<\/li>\n\t\t\t\t\t\t\t\t\t\t\t\t\t\t\t<li>\n\t\t\t\t\t\t\t\t\t<a href=\"https:\/\/martinstiftung.ch\/fr\/brunnen\/tags\/misereor-de-aachen-fr\/\">\n\t\t\t\t\t\t\t\t\t\tMisereor | DE-Aachen (26)\n\t\t\t\t\t\t\t\t\t<\/a>\n\t\t\t\t\t\t\t\t<\/li>\n\t\t\t\t\t\t\t\t\t\t\t\t\t\t\t<li>\n\t\t\t\t\t\t\t\t\t<a href=\"https:\/\/martinstiftung.ch\/fr\/brunnen\/tags\/missionaires-des-saints-apotres-fr\/\">\n\t\t\t\t\t\t\t\t\t\tMissionaires des Saints-Ap\u00f4tres (1)\n\t\t\t\t\t\t\t\t\t<\/a>\n\t\t\t\t\t\t\t\t<\/li>\n\t\t\t\t\t\t\t\t\t\t\t\t\t\t\t<li>\n\t\t\t\t\t\t\t\t\t<a href=\"https:\/\/martinstiftung.ch\/fr\/brunnen\/tags\/mission-francaise-de-coop-yde-fr\/\">\n\t\t\t\t\t\t\t\t\t\tMission Fran\u00e7aise de Coop. Yd\u00e9 (1)\n\t\t\t\t\t\t\t\t\t<\/a>\n\t\t\t\t\t\t\t\t<\/li>\n\t\t\t\t\t\t\t\t\t\t\t\t\t\t\t<li>\n\t\t\t\t\t\t\t\t\t<a href=\"https:\/\/martinstiftung.ch\/fr\/brunnen\/tags\/miteinander-fuer-menschen-in-afrika-ev-kassel-fr\/\">\n\t\t\t\t\t\t\t\t\t\tMiteinander f\u00fcr Menschen in Afrika eV | Kassel (3)\n\t\t\t\t\t\t\t\t\t<\/a>\n\t\t\t\t\t\t\t\t<\/li>\n\t\t\t\t\t\t\t\t\t\t\t\t\t\t\t<li>\n\t\t\t\t\t\t\t\t\t<a href=\"https:\/\/martinstiftung.ch\/fr\/brunnen\/tags\/mobile-telephone-networks-cameroon-ltd-fr\/\">\n\t\t\t\t\t\t\t\t\t\tMobile Telephone Networks Cameroon Ltd. (20)\n\t\t\t\t\t\t\t\t\t<\/a>\n\t\t\t\t\t\t\t\t<\/li>\n\t\t\t\t\t\t\t\t\t\t\t\t\t\t\t<li>\n\t\t\t\t\t\t\t\t\t<a href=\"https:\/\/martinstiftung.ch\/fr\/brunnen\/tags\/mueller-partner-architekten-ag-baar-fr\/\">\n\t\t\t\t\t\t\t\t\t\tM\u00fcller + Partner Architekten AG | Baar (3)\n\t\t\t\t\t\t\t\t\t<\/a>\n\t\t\t\t\t\t\t\t<\/li>\n\t\t\t\t\t\t\t\t\t\t\t\t\t<\/ul>\n\t\t\t\t\t<\/div>\n\t\t\t\t\t\t\t\t\t\t\t\t\t\t\t\t\t\t\t<div class=\"letter-section\"\n\t\t\t\t\t\tid=\"a-z-listing-letter-N-1\">\n\t\t\t\t\t\t<h2 class=\"letter-title\">\n\t\t\t\t\t\t\t<span>\n\t\t\t\t\t\t\t\tN\t\t\t\t\t\t\t<\/span>\n\t\t\t\t\t\t<\/h2>\n\t\t\t\t\t\t\t\t\t\t\t\t<ul class=\"columns max-1-columns\">\n\t\t\t\t\t\t\t\t\t\t\t\t\t\t\t<li>\n\t\t\t\t\t\t\t\t\t<a href=\"https:\/\/martinstiftung.ch\/fr\/brunnen\/tags\/naro-moru-amici-italiani-unteraegeri-fr\/\">\n\t\t\t\t\t\t\t\t\t\tNaro Moru | Amici Italiani | Unter\u00e4geri (1)\n\t\t\t\t\t\t\t\t\t<\/a>\n\t\t\t\t\t\t\t\t<\/li>\n\t\t\t\t\t\t\t\t\t\t\t\t\t\t\t<li>\n\t\t\t\t\t\t\t\t\t<a href=\"https:\/\/martinstiftung.ch\/fr\/brunnen\/tags\/nick-limacher-baar-fr\/\">\n\t\t\t\t\t\t\t\t\t\tNick Limacher | Baar (1)\n\t\t\t\t\t\t\t\t\t<\/a>\n\t\t\t\t\t\t\t\t<\/li>\n\t\t\t\t\t\t\t\t\t\t\t\t\t\t\t<li>\n\t\t\t\t\t\t\t\t\t<a href=\"https:\/\/martinstiftung.ch\/fr\/brunnen\/tags\/nkolbisson-economat-scolasticat-fr\/\">\n\t\t\t\t\t\t\t\t\t\tNkolbisson | Economat Scolasticat (1)\n\t\t\t\t\t\t\t\t\t<\/a>\n\t\t\t\t\t\t\t\t<\/li>\n\t\t\t\t\t\t\t\t\t\t\t\t\t\t\t<li>\n\t\t\t\t\t\t\t\t\t<a href=\"https:\/\/martinstiftung.ch\/fr\/brunnen\/tags\/nussbaumer-bauunternehmung-ag-wallisellen-fr\/\">\n\t\t\t\t\t\t\t\t\t\tNussbaumer Bauunternehmung AG | Wallisellen (1)\n\t\t\t\t\t\t\t\t\t<\/a>\n\t\t\t\t\t\t\t\t<\/li>\n\t\t\t\t\t\t\t\t\t\t\t\t\t<\/ul>\n\t\t\t\t\t<\/div>\n\t\t\t\t\t\t\t\t\t\t\t\t\t\t\t\t\t\t\t<div class=\"letter-section\"\n\t\t\t\t\t\tid=\"a-z-listing-letter-O-1\">\n\t\t\t\t\t\t<h2 class=\"letter-title\">\n\t\t\t\t\t\t\t<span>\n\t\t\t\t\t\t\t\tO\t\t\t\t\t\t\t<\/span>\n\t\t\t\t\t\t<\/h2>\n\t\t\t\t\t\t\t\t\t\t\t\t<ul class=\"columns max-1-columns\">\n\t\t\t\t\t\t\t\t\t\t\t\t\t\t\t<li>\n\t\t\t\t\t\t\t\t\t<a href=\"https:\/\/martinstiftung.ch\/fr\/brunnen\/tags\/oms-fr\/\">\n\t\t\t\t\t\t\t\t\t\tOMS (2)\n\t\t\t\t\t\t\t\t\t<\/a>\n\t\t\t\t\t\t\t\t<\/li>\n\t\t\t\t\t\t\t\t\t\t\t\t\t\t\t<li>\n\t\t\t\t\t\t\t\t\t<a href=\"https:\/\/martinstiftung.ch\/fr\/brunnen\/tags\/ortsgemeinde-goldach-fr\/\">\n\t\t\t\t\t\t\t\t\t\tOrtsgemeinde Goldach (1)\n\t\t\t\t\t\t\t\t\t<\/a>\n\t\t\t\t\t\t\t\t<\/li>\n\t\t\t\t\t\t\t\t\t\t\t\t\t<\/ul>\n\t\t\t\t\t<\/div>\n\t\t\t\t\t\t\t\t\t\t\t\t\t\t\t\t\t\t\t<div class=\"letter-section\"\n\t\t\t\t\t\tid=\"a-z-listing-letter-P-1\">\n\t\t\t\t\t\t<h2 class=\"letter-title\">\n\t\t\t\t\t\t\t<span>\n\t\t\t\t\t\t\t\tP\t\t\t\t\t\t\t<\/span>\n\t\t\t\t\t\t<\/h2>\n\t\t\t\t\t\t\t\t\t\t\t\t<ul class=\"columns max-1-columns\">\n\t\t\t\t\t\t\t\t\t\t\t\t\t\t\t<li>\n\t\t\t\t\t\t\t\t\t<a href=\"https:\/\/martinstiftung.ch\/fr\/brunnen\/tags\/paroisse-cath-christ-koenig-kloten-fr\/\">\n\t\t\t\t\t\t\t\t\t\tParoisse cath. Christ-Koenig | Kloten (1)\n\t\t\t\t\t\t\t\t\t<\/a>\n\t\t\t\t\t\t\t\t<\/li>\n\t\t\t\t\t\t\t\t\t\t\t\t\t\t\t<li>\n\t\t\t\t\t\t\t\t\t<a href=\"https:\/\/martinstiftung.ch\/fr\/brunnen\/tags\/peikert-bau-ag-zug-fr\/\">\n\t\t\t\t\t\t\t\t\t\tPeikert Bau AG | Zug (1)\n\t\t\t\t\t\t\t\t\t<\/a>\n\t\t\t\t\t\t\t\t<\/li>\n\t\t\t\t\t\t\t\t\t\t\t\t\t\t\t<li>\n\t\t\t\t\t\t\t\t\t<a href=\"https:\/\/martinstiftung.ch\/fr\/brunnen\/tags\/pfarrei-peter-paul-kirchdorf-fr\/\">\n\t\t\t\t\t\t\t\t\t\tPfarrei Peter + Paul | Kirchdorf (1)\n\t\t\t\t\t\t\t\t\t<\/a>\n\t\t\t\t\t\t\t\t<\/li>\n\t\t\t\t\t\t\t\t\t\t\t\t\t\t\t<li>\n\t\t\t\t\t\t\t\t\t<a href=\"https:\/\/martinstiftung.ch\/fr\/brunnen\/tags\/pfarrei-st-goar-muri-fr\/\">\n\t\t\t\t\t\t\t\t\t\tPfarrei St. Goar | Muri (1)\n\t\t\t\t\t\t\t\t\t<\/a>\n\t\t\t\t\t\t\t\t<\/li>\n\t\t\t\t\t\t\t\t\t\t\t\t\t\t\t<li>\n\t\t\t\t\t\t\t\t\t<a href=\"https:\/\/martinstiftung.ch\/fr\/brunnen\/tags\/plan-cameroon-international-fr\/\">\n\t\t\t\t\t\t\t\t\t\tPlan Cameroon International (37)\n\t\t\t\t\t\t\t\t\t<\/a>\n\t\t\t\t\t\t\t\t<\/li>\n\t\t\t\t\t\t\t\t\t\t\t\t\t\t\t<li>\n\t\t\t\t\t\t\t\t\t<a href=\"https:\/\/martinstiftung.ch\/fr\/brunnen\/tags\/privater-spender-fr\/\">\n\t\t\t\t\t\t\t\t\t\tPrivater Spender (173)\n\t\t\t\t\t\t\t\t\t<\/a>\n\t\t\t\t\t\t\t\t<\/li>\n\t\t\t\t\t\t\t\t\t\t\t\t\t\t\t<li>\n\t\t\t\t\t\t\t\t\t<a href=\"https:\/\/martinstiftung.ch\/fr\/brunnen\/tags\/projet-de-developpement-rural-de-la-zone-peri-urbaine-de-yaounde-fr\/\">\n\t\t\t\t\t\t\t\t\t\tProjet de D\u00e9veloppement Rural de la zone P\u00e9ri-Urbaine de Yaound\u00e9 (30)\n\t\t\t\t\t\t\t\t\t<\/a>\n\t\t\t\t\t\t\t\t<\/li>\n\t\t\t\t\t\t\t\t\t\t\t\t\t\t\t<li>\n\t\t\t\t\t\t\t\t\t<a href=\"https:\/\/martinstiftung.ch\/fr\/brunnen\/tags\/projet-icidr-malaria-cameroun-fr\/\">\n\t\t\t\t\t\t\t\t\t\tProjet ICIDR Malaria | Cameroun (2)\n\t\t\t\t\t\t\t\t\t<\/a>\n\t\t\t\t\t\t\t\t<\/li>\n\t\t\t\t\t\t\t\t\t\t\t\t\t<\/ul>\n\t\t\t\t\t<\/div>\n\t\t\t\t\t\t\t\t\t\t\t\t\t\t\t\t\t\t\t<div class=\"letter-section\"\n\t\t\t\t\t\tid=\"a-z-listing-letter-Q-1\">\n\t\t\t\t\t\t<h2 class=\"letter-title\">\n\t\t\t\t\t\t\t<span>\n\t\t\t\t\t\t\t\tQ\t\t\t\t\t\t\t<\/span>\n\t\t\t\t\t\t<\/h2>\n\t\t\t\t\t\t\t\t\t\t\t\t<ul class=\"columns max-1-columns\">\n\t\t\t\t\t\t\t\t\t\t\t\t\t\t\t<li>\n\t\t\t\t\t\t\t\t\t<a href=\"https:\/\/martinstiftung.ch\/fr\/brunnen\/tags\/quebec-canada-bikop-fr\/\">\n\t\t\t\t\t\t\t\t\t\tQu\u00e9bec \/ Canada (Bikop) (1)\n\t\t\t\t\t\t\t\t\t<\/a>\n\t\t\t\t\t\t\t\t<\/li>\n\t\t\t\t\t\t\t\t\t\t\t\t\t<\/ul>\n\t\t\t\t\t<\/div>\n\t\t\t\t\t\t\t\t\t\t\t\t\t\t\t\t\t\t\t<div class=\"letter-section\"\n\t\t\t\t\t\tid=\"a-z-listing-letter-R-1\">\n\t\t\t\t\t\t<h2 class=\"letter-title\">\n\t\t\t\t\t\t\t<span>\n\t\t\t\t\t\t\t\tR\t\t\t\t\t\t\t<\/span>\n\t\t\t\t\t\t<\/h2>\n\t\t\t\t\t\t\t\t\t\t\t\t<ul class=\"columns max-2-columns\">\n\t\t\t\t\t\t\t\t\t\t\t\t\t\t\t<li>\n\t\t\t\t\t\t\t\t\t<a href=\"https:\/\/martinstiftung.ch\/fr\/brunnen\/tags\/raebsamen-urs-und-lorenz-peter-fr\/\">\n\t\t\t\t\t\t\t\t\t\tR\u00e4bsamen Urs und Lorenz Peter (1)\n\t\t\t\t\t\t\t\t\t<\/a>\n\t\t\t\t\t\t\t\t<\/li>\n\t\t\t\t\t\t\t\t\t\t\t\t\t\t\t<li>\n\t\t\t\t\t\t\t\t\t<a href=\"https:\/\/martinstiftung.ch\/fr\/brunnen\/tags\/red-chairity-wels-oesterreich-fr\/\">\n\t\t\t\t\t\t\t\t\t\tRED CHAIRity | Wels | \u00d6sterreich (4)\n\t\t\t\t\t\t\t\t\t<\/a>\n\t\t\t\t\t\t\t\t<\/li>\n\t\t\t\t\t\t\t\t\t\t\t\t\t\t\t<li>\n\t\t\t\t\t\t\t\t\t<a href=\"https:\/\/martinstiftung.ch\/fr\/brunnen\/tags\/regierung-kt-basel-stadt-fr\/\">\n\t\t\t\t\t\t\t\t\t\tRegierung Kt. Basel-Stadt (1)\n\t\t\t\t\t\t\t\t\t<\/a>\n\t\t\t\t\t\t\t\t<\/li>\n\t\t\t\t\t\t\t\t\t\t\t\t\t\t\t<li>\n\t\t\t\t\t\t\t\t\t<a href=\"https:\/\/martinstiftung.ch\/fr\/brunnen\/tags\/richner-br-bauhandel-ag-rotkreuz-kriens-fr\/\">\n\t\t\t\t\t\t\t\t\t\tRichner BR Bauhandel AG | Rotkreuz-Kriens (1)\n\t\t\t\t\t\t\t\t\t<\/a>\n\t\t\t\t\t\t\t\t<\/li>\n\t\t\t\t\t\t\t\t\t\t\t\t\t\t\t<li>\n\t\t\t\t\t\t\t\t\t<a href=\"https:\/\/martinstiftung.ch\/fr\/brunnen\/tags\/risi-ag-oberwil-zug-fr\/\">\n\t\t\t\t\t\t\t\t\t\tRisi AG | Oberwil-Zug (1)\n\t\t\t\t\t\t\t\t\t<\/a>\n\t\t\t\t\t\t\t\t<\/li>\n\t\t\t\t\t\t\t\t\t\t\t\t\t\t\t<li>\n\t\t\t\t\t\t\t\t\t<a href=\"https:\/\/martinstiftung.ch\/fr\/brunnen\/tags\/rittmeyer-ag-zoug-100ieme-jubile-fr\/\">\n\t\t\t\t\t\t\t\t\t\tRittmeyer AG Zoug: 100i\u00e8me jubil\u00e9 (1)\n\t\t\t\t\t\t\t\t\t<\/a>\n\t\t\t\t\t\t\t\t<\/li>\n\t\t\t\t\t\t\t\t\t\t\t\t\t\t\t<li>\n\t\t\t\t\t\t\t\t\t<a href=\"https:\/\/martinstiftung.ch\/fr\/brunnen\/tags\/rotary-club-basel-fr\/\">\n\t\t\t\t\t\t\t\t\t\tRotary Club Basel (1)\n\t\t\t\t\t\t\t\t\t<\/a>\n\t\t\t\t\t\t\t\t<\/li>\n\t\t\t\t\t\t\t\t\t\t\t\t\t\t\t<li>\n\t\t\t\t\t\t\t\t\t<a href=\"https:\/\/martinstiftung.ch\/fr\/brunnen\/tags\/rotary-club-rheinfelden-fricktal-fr\/\">\n\t\t\t\t\t\t\t\t\t\tRotary Club Rheinfelden-Fricktal (1)\n\t\t\t\t\t\t\t\t\t<\/a>\n\t\t\t\t\t\t\t\t<\/li>\n\t\t\t\t\t\t\t\t\t\t\t\t\t\t\t<li>\n\t\t\t\t\t\t\t\t\t<a href=\"https:\/\/martinstiftung.ch\/fr\/brunnen\/tags\/rotary-club-schwyz-fr\/\">\n\t\t\t\t\t\t\t\t\t\tRotary Club Schwyz (4)\n\t\t\t\t\t\t\t\t\t<\/a>\n\t\t\t\t\t\t\t\t<\/li>\n\t\t\t\t\t\t\t\t\t\t\t\t\t\t\t<li>\n\t\t\t\t\t\t\t\t\t<a href=\"https:\/\/martinstiftung.ch\/fr\/brunnen\/tags\/rotary-club-willisau-willisau-fr\/\">\n\t\t\t\t\t\t\t\t\t\tRotary Club Willisau | Willisau (1)\n\t\t\t\t\t\t\t\t\t<\/a>\n\t\t\t\t\t\t\t\t<\/li>\n\t\t\t\t\t\t\t\t\t\t\t\t\t\t\t<li>\n\t\t\t\t\t\t\t\t\t<a href=\"https:\/\/martinstiftung.ch\/fr\/brunnen\/tags\/rotary-club-yaounde-collines-fr\/\">\n\t\t\t\t\t\t\t\t\t\tRotary Club Yaound\u00e9 Collines (2)\n\t\t\t\t\t\t\t\t\t<\/a>\n\t\t\t\t\t\t\t\t<\/li>\n\t\t\t\t\t\t\t\t\t\t\t\t\t\t\t<li>\n\t\t\t\t\t\t\t\t\t<a href=\"https:\/\/martinstiftung.ch\/fr\/brunnen\/tags\/rotary-club-yaounde-collines-caritas-luzern-fr\/\">\n\t\t\t\t\t\t\t\t\t\tRotary Club Yaound\u00e9 Collines \/ Caritas Luzern (1)\n\t\t\t\t\t\t\t\t\t<\/a>\n\t\t\t\t\t\t\t\t<\/li>\n\t\t\t\t\t\t\t\t\t\t\t\t\t\t\t<li>\n\t\t\t\t\t\t\t\t\t<a href=\"https:\/\/martinstiftung.ch\/fr\/brunnen\/tags\/rotary-club-zug-fr\/\">\n\t\t\t\t\t\t\t\t\t\tRotary Club Zug (1)\n\t\t\t\t\t\t\t\t\t<\/a>\n\t\t\t\t\t\t\t\t<\/li>\n\t\t\t\t\t\t\t\t\t\t\t\t\t\t\t<li>\n\t\t\t\t\t\t\t\t\t<a href=\"https:\/\/martinstiftung.ch\/fr\/brunnen\/tags\/rotary-club-zug-kolin-zug-fr\/\">\n\t\t\t\t\t\t\t\t\t\tRotary Club Zug-Kolin | Zug (1)\n\t\t\t\t\t\t\t\t\t<\/a>\n\t\t\t\t\t\t\t\t<\/li>\n\t\t\t\t\t\t\t\t\t\t\t\t\t\t\t<li>\n\t\t\t\t\t\t\t\t\t<a href=\"https:\/\/martinstiftung.ch\/fr\/brunnen\/tags\/rotary-club-zuerich-west-zuerich-fr\/\">\n\t\t\t\t\t\t\t\t\t\tRotary Club Z\u00fcrich-West | Z\u00fcrich (1)\n\t\t\t\t\t\t\t\t\t<\/a>\n\t\t\t\t\t\t\t\t<\/li>\n\t\t\t\t\t\t\t\t\t\t\t\t\t\t\t<li>\n\t\t\t\t\t\t\t\t\t<a href=\"https:\/\/martinstiftung.ch\/fr\/brunnen\/tags\/roth-bautech-ag-kriens-fr\/\">\n\t\t\t\t\t\t\t\t\t\tRoth Bautech AG | Kriens (1)\n\t\t\t\t\t\t\t\t\t<\/a>\n\t\t\t\t\t\t\t\t<\/li>\n\t\t\t\t\t\t\t\t\t\t\t\t\t\t\t<li>\n\t\t\t\t\t\t\t\t\t<a href=\"https:\/\/martinstiftung.ch\/fr\/brunnen\/tags\/royal-trading-ag-schenkon-fr\/\">\n\t\t\t\t\t\t\t\t\t\tRoyal Trading AG | Schenkon (13)\n\t\t\t\t\t\t\t\t\t<\/a>\n\t\t\t\t\t\t\t\t<\/li>\n\t\t\t\t\t\t\t\t\t\t\t\t\t<\/ul>\n\t\t\t\t\t<\/div>\n\t\t\t\t\t\t\t\t\t\t\t\t\t\t\t\t\t\t\t<div class=\"letter-section\"\n\t\t\t\t\t\tid=\"a-z-listing-letter-S-1\">\n\t\t\t\t\t\t<h2 class=\"letter-title\">\n\t\t\t\t\t\t\t<span>\n\t\t\t\t\t\t\t\tS\t\t\t\t\t\t\t<\/span>\n\t\t\t\t\t\t<\/h2>\n\t\t\t\t\t\t\t\t\t\t\t\t<ul class=\"columns max-3-columns\">\n\t\t\t\t\t\t\t\t\t\t\t\t\t\t\t<li>\n\t\t\t\t\t\t\t\t\t<a href=\"https:\/\/martinstiftung.ch\/fr\/brunnen\/tags\/sankt-familia-d-kassel-fr\/\">\n\t\t\t\t\t\t\t\t\t\tSankt Familia | D-Kassel (1)\n\t\t\t\t\t\t\t\t\t<\/a>\n\t\t\t\t\t\t\t\t<\/li>\n\t\t\t\t\t\t\t\t\t\t\t\t\t\t\t<li>\n\t\t\t\t\t\t\t\t\t<a href=\"https:\/\/martinstiftung.ch\/fr\/brunnen\/tags\/scherler-ag-luzern-baar-fr\/\">\n\t\t\t\t\t\t\t\t\t\tScherler AG | Luzern + Baar (1)\n\t\t\t\t\t\t\t\t\t<\/a>\n\t\t\t\t\t\t\t\t<\/li>\n\t\t\t\t\t\t\t\t\t\t\t\t\t\t\t<li>\n\t\t\t\t\t\t\t\t\t<a href=\"https:\/\/martinstiftung.ch\/fr\/brunnen\/tags\/scoop-padecvood-cameroun-france-fr\/\">\n\t\t\t\t\t\t\t\t\t\tSCOOP-PADECVOOD Cameroun-France (4)\n\t\t\t\t\t\t\t\t\t<\/a>\n\t\t\t\t\t\t\t\t<\/li>\n\t\t\t\t\t\t\t\t\t\t\t\t\t\t\t<li>\n\t\t\t\t\t\t\t\t\t<a href=\"https:\/\/martinstiftung.ch\/fr\/brunnen\/tags\/sika-finanz-ag-baar-fr\/\">\n\t\t\t\t\t\t\t\t\t\tSIKA Finanz AG | Baar (2)\n\t\t\t\t\t\t\t\t\t<\/a>\n\t\t\t\t\t\t\t\t<\/li>\n\t\t\t\t\t\t\t\t\t\t\t\t\t\t\t<li>\n\t\t\t\t\t\t\t\t\t<a href=\"https:\/\/martinstiftung.ch\/fr\/brunnen\/tags\/sonara-societe-nationale-de-raffinerie-fr\/\">\n\t\t\t\t\t\t\t\t\t\tSONARA (Soci\u00e9t\u00e9 Nationale de Raffinerie) (1)\n\t\t\t\t\t\t\t\t\t<\/a>\n\t\t\t\t\t\t\t\t<\/li>\n\t\t\t\t\t\t\t\t\t\t\t\t\t\t\t<li>\n\t\t\t\t\t\t\t\t\t<a href=\"https:\/\/martinstiftung.ch\/fr\/brunnen\/tags\/soonwaldstiftung-human-help-network-fr\/\">\n\t\t\t\t\t\t\t\t\t\tSoonwaldstiftung &amp; Human Help Network (1)\n\t\t\t\t\t\t\t\t\t<\/a>\n\t\t\t\t\t\t\t\t<\/li>\n\t\t\t\t\t\t\t\t\t\t\t\t\t\t\t<li>\n\t\t\t\t\t\t\t\t\t<a href=\"https:\/\/martinstiftung.ch\/fr\/brunnen\/tags\/soroptimist-international-clubs-schaffhausen-und-solothurn-schweiz-undclub-villingen-schwenningen-deutschland-fr\/\">\n\t\t\t\t\t\t\t\t\t\tSoroptimist International Clubs Schaffhausen und Solothurn | Schweiz undClub Villingen-Schwenningen | Deutschland (1)\n\t\t\t\t\t\t\t\t\t<\/a>\n\t\t\t\t\t\t\t\t<\/li>\n\t\t\t\t\t\t\t\t\t\t\t\t\t\t\t<li>\n\t\t\t\t\t\t\t\t\t<a href=\"https:\/\/martinstiftung.ch\/fr\/brunnen\/tags\/srs-de-la-croix-strasbourg-fr\/\">\n\t\t\t\t\t\t\t\t\t\tSrs de la Croix | Strasbourg (1)\n\t\t\t\t\t\t\t\t\t<\/a>\n\t\t\t\t\t\t\t\t<\/li>\n\t\t\t\t\t\t\t\t\t\t\t\t\t\t\t<li>\n\t\t\t\t\t\t\t\t\t<a href=\"https:\/\/martinstiftung.ch\/fr\/brunnen\/tags\/srs-dominicaines-bikok-fr\/\">\n\t\t\t\t\t\t\t\t\t\tSrs. Dominicaines | Bikok (1)\n\t\t\t\t\t\t\t\t\t<\/a>\n\t\t\t\t\t\t\t\t<\/li>\n\t\t\t\t\t\t\t\t\t\t\t\t\t\t\t<li>\n\t\t\t\t\t\t\t\t\t<a href=\"https:\/\/martinstiftung.ch\/fr\/brunnen\/tags\/srs-franciscaines-nkoabang-fr\/\">\n\t\t\t\t\t\t\t\t\t\tSrs. Franciscaines Nkoabang (1)\n\t\t\t\t\t\t\t\t\t<\/a>\n\t\t\t\t\t\t\t\t<\/li>\n\t\t\t\t\t\t\t\t\t\t\t\t\t\t\t<li>\n\t\t\t\t\t\t\t\t\t<a href=\"https:\/\/martinstiftung.ch\/fr\/brunnen\/tags\/srs-servantes-de-lagneau-de-dieu-fr\/\">\n\t\t\t\t\t\t\t\t\t\tSrs. Servantes de l'Agneau de Dieu (1)\n\t\t\t\t\t\t\t\t\t<\/a>\n\t\t\t\t\t\t\t\t<\/li>\n\t\t\t\t\t\t\t\t\t\t\t\t\t\t\t<li>\n\t\t\t\t\t\t\t\t\t<a href=\"https:\/\/martinstiftung.ch\/fr\/brunnen\/tags\/stadt-rapperswil-fr\/\">\n\t\t\t\t\t\t\t\t\t\tStadt Rapperswil (4)\n\t\t\t\t\t\t\t\t\t<\/a>\n\t\t\t\t\t\t\t\t<\/li>\n\t\t\t\t\t\t\t\t\t\t\t\t\t\t\t<li>\n\t\t\t\t\t\t\t\t\t<a href=\"https:\/\/martinstiftung.ch\/fr\/brunnen\/tags\/stadt-sursee-fr\/\">\n\t\t\t\t\t\t\t\t\t\tStadt Sursee (1)\n\t\t\t\t\t\t\t\t\t<\/a>\n\t\t\t\t\t\t\t\t<\/li>\n\t\t\t\t\t\t\t\t\t\t\t\t\t\t\t<li>\n\t\t\t\t\t\t\t\t\t<a href=\"https:\/\/martinstiftung.ch\/fr\/brunnen\/tags\/stadt-zug-fr\/\">\n\t\t\t\t\t\t\t\t\t\tStadt Zug (8)\n\t\t\t\t\t\t\t\t\t<\/a>\n\t\t\t\t\t\t\t\t<\/li>\n\t\t\t\t\t\t\t\t\t\t\t\t\t\t\t<li>\n\t\t\t\t\t\t\t\t\t<a href=\"https:\/\/martinstiftung.ch\/fr\/brunnen\/tags\/stiftung-aurea-borealis-schwyz-fr\/\">\n\t\t\t\t\t\t\t\t\t\tStiftung Aurea Borealis | Schwyz (1)\n\t\t\t\t\t\t\t\t\t<\/a>\n\t\t\t\t\t\t\t\t<\/li>\n\t\t\t\t\t\t\t\t\t\t\t\t\t\t\t<li>\n\t\t\t\t\t\t\t\t\t<a href=\"https:\/\/martinstiftung.ch\/fr\/brunnen\/tags\/stiftung-sentosa-erlenbach-fr\/\">\n\t\t\t\t\t\t\t\t\t\tStiftung Sentosa | Erlenbach (1)\n\t\t\t\t\t\t\t\t\t<\/a>\n\t\t\t\t\t\t\t\t<\/li>\n\t\t\t\t\t\t\t\t\t\t\t\t\t\t\t<li>\n\t\t\t\t\t\t\t\t\t<a href=\"https:\/\/martinstiftung.ch\/fr\/brunnen\/tags\/stiftung-symphasis-zuerich-fr\/\">\n\t\t\t\t\t\t\t\t\t\tStiftung Symphasis | Z\u00fcrich (1)\n\t\t\t\t\t\t\t\t\t<\/a>\n\t\t\t\t\t\t\t\t<\/li>\n\t\t\t\t\t\t\t\t\t\t\t\t\t\t\t<li>\n\t\t\t\t\t\t\t\t\t<a href=\"https:\/\/martinstiftung.ch\/fr\/brunnen\/tags\/stiftung-zuwebe-baar-fr\/\">\n\t\t\t\t\t\t\t\t\t\tStiftung zuwebe | Baar (4)\n\t\t\t\t\t\t\t\t\t<\/a>\n\t\t\t\t\t\t\t\t<\/li>\n\t\t\t\t\t\t\t\t\t\t\t\t\t\t\t<li>\n\t\t\t\t\t\t\t\t\t<a href=\"https:\/\/martinstiftung.ch\/fr\/brunnen\/tags\/stv-fr\/\">\n\t\t\t\t\t\t\t\t\t\tStV (6)\n\t\t\t\t\t\t\t\t\t<\/a>\n\t\t\t\t\t\t\t\t<\/li>\n\t\t\t\t\t\t\t\t\t\t\t\t\t\t\t<li>\n\t\t\t\t\t\t\t\t\t<a href=\"https:\/\/martinstiftung.ch\/fr\/brunnen\/tags\/st-mark-presbyterian-church-rockville-md-usa-fr\/\">\n\t\t\t\t\t\t\t\t\t\tSt. Mark Presbyterian | Church | Rockville \/ MD USA (1)\n\t\t\t\t\t\t\t\t\t<\/a>\n\t\t\t\t\t\t\t\t<\/li>\n\t\t\t\t\t\t\t\t\t\t\t\t\t\t\t<li>\n\t\t\t\t\t\t\t\t\t<a href=\"https:\/\/martinstiftung.ch\/fr\/brunnen\/tags\/sueess-maria-und-hans-fr\/\">\n\t\t\t\t\t\t\t\t\t\tS\u00fcess Maria und Hans (2)\n\t\t\t\t\t\t\t\t\t<\/a>\n\t\t\t\t\t\t\t\t<\/li>\n\t\t\t\t\t\t\t\t\t\t\t\t\t\t\t<li>\n\t\t\t\t\t\t\t\t\t<a href=\"https:\/\/martinstiftung.ch\/fr\/brunnen\/tags\/swisscanto-anlagestiftung-zuerich-fr\/\">\n\t\t\t\t\t\t\t\t\t\tSwisscanto Anlagestiftung | Z\u00fcrich (1)\n\t\t\t\t\t\t\t\t\t<\/a>\n\t\t\t\t\t\t\t\t<\/li>\n\t\t\t\t\t\t\t\t\t\t\t\t\t\t\t<li>\n\t\t\t\t\t\t\t\t\t<a href=\"https:\/\/martinstiftung.ch\/fr\/brunnen\/tags\/swisskalk-gmbh-aeschi-fr\/\">\n\t\t\t\t\t\t\t\t\t\tSwisskalk GmbH | Aeschi (1)\n\t\t\t\t\t\t\t\t\t<\/a>\n\t\t\t\t\t\t\t\t<\/li>\n\t\t\t\t\t\t\t\t\t\t\t\t\t\t\t<li>\n\t\t\t\t\t\t\t\t\t<a href=\"https:\/\/martinstiftung.ch\/fr\/brunnen\/tags\/soeurs-jesus-marie-de-mendong-fr\/\">\n\t\t\t\t\t\t\t\t\t\tS\u0153urs Jesus Marie de Mendong (1)\n\t\t\t\t\t\t\t\t\t<\/a>\n\t\t\t\t\t\t\t\t<\/li>\n\t\t\t\t\t\t\t\t\t\t\t\t\t<\/ul>\n\t\t\t\t\t<\/div>\n\t\t\t\t\t\t\t\t\t\t\t\t\t\t\t\t\t\t\t<div class=\"letter-section\"\n\t\t\t\t\t\tid=\"a-z-listing-letter-T-1\">\n\t\t\t\t\t\t<h2 class=\"letter-title\">\n\t\t\t\t\t\t\t<span>\n\t\t\t\t\t\t\t\tT\t\t\t\t\t\t\t<\/span>\n\t\t\t\t\t\t<\/h2>\n\t\t\t\t\t\t\t\t\t\t\t\t<ul class=\"columns max-1-columns\">\n\t\t\t\t\t\t\t\t\t\t\t\t\t\t\t<li>\n\t\t\t\t\t\t\t\t\t<a href=\"https:\/\/martinstiftung.ch\/fr\/brunnen\/tags\/tegimenta-ag-rotkreuz-fr\/\">\n\t\t\t\t\t\t\t\t\t\tTegimenta AG | Rotkreuz (1)\n\t\t\t\t\t\t\t\t\t<\/a>\n\t\t\t\t\t\t\t\t<\/li>\n\t\t\t\t\t\t\t\t\t\t\t\t\t\t\t<li>\n\t\t\t\t\t\t\t\t\t<a href=\"https:\/\/martinstiftung.ch\/fr\/brunnen\/tags\/termoservice-cham-fr\/\">\n\t\t\t\t\t\t\t\t\t\tTermoservice | Cham (1)\n\t\t\t\t\t\t\t\t\t<\/a>\n\t\t\t\t\t\t\t\t<\/li>\n\t\t\t\t\t\t\t\t\t\t\t\t\t\t\t<li>\n\t\t\t\t\t\t\t\t\t<a href=\"https:\/\/martinstiftung.ch\/fr\/brunnen\/tags\/thomas-lueem-partner-ag-dietikon-fr\/\">\n\t\t\t\t\t\t\t\t\t\tThomas L\u00fcem Partner AG | Dietikon (1)\n\t\t\t\t\t\t\t\t\t<\/a>\n\t\t\t\t\t\t\t\t<\/li>\n\t\t\t\t\t\t\t\t\t\t\t\t\t\t\t<li>\n\t\t\t\t\t\t\t\t\t<a href=\"https:\/\/martinstiftung.ch\/fr\/brunnen\/tags\/tomaro-ag-schoenenwerd-weihnachten-2021-fr\/\">\n\t\t\t\t\t\t\t\t\t\tTOMARO AG | Sch\u00f6nenwerd | Weihnachten 2021 (1)\n\t\t\t\t\t\t\t\t\t<\/a>\n\t\t\t\t\t\t\t\t<\/li>\n\t\t\t\t\t\t\t\t\t\t\t\t\t<\/ul>\n\t\t\t\t\t<\/div>\n\t\t\t\t\t\t\t\t\t\t\t\t\t\t\t\t\t\t\t<div class=\"letter-section\"\n\t\t\t\t\t\tid=\"a-z-listing-letter-U-1\">\n\t\t\t\t\t\t<h2 class=\"letter-title\">\n\t\t\t\t\t\t\t<span>\n\t\t\t\t\t\t\t\tU\t\t\t\t\t\t\t<\/span>\n\t\t\t\t\t\t<\/h2>\n\t\t\t\t\t\t\t\t\t\t\t\t<ul class=\"columns max-1-columns\">\n\t\t\t\t\t\t\t\t\t\t\t\t\t\t\t<li>\n\t\t\t\t\t\t\t\t\t<a href=\"https:\/\/martinstiftung.ch\/fr\/brunnen\/tags\/uee-belgique-fr\/\">\n\t\t\t\t\t\t\t\t\t\tUEE | Belgique (1)\n\t\t\t\t\t\t\t\t\t<\/a>\n\t\t\t\t\t\t\t\t<\/li>\n\t\t\t\t\t\t\t\t\t\t\t\t\t<\/ul>\n\t\t\t\t\t<\/div>\n\t\t\t\t\t\t\t\t\t\t\t\t\t\t\t\t\t\t\t<div class=\"letter-section\"\n\t\t\t\t\t\tid=\"a-z-listing-letter-V-1\">\n\t\t\t\t\t\t<h2 class=\"letter-title\">\n\t\t\t\t\t\t\t<span>\n\t\t\t\t\t\t\t\tV\t\t\t\t\t\t\t<\/span>\n\t\t\t\t\t\t<\/h2>\n\t\t\t\t\t\t\t\t\t\t\t\t<ul class=\"columns max-1-columns\">\n\t\t\t\t\t\t\t\t\t\t\t\t\t\t\t<li>\n\t\t\t\t\t\t\t\t\t<a href=\"https:\/\/martinstiftung.ch\/fr\/brunnen\/tags\/verein-gretzenbach-teilt-gretzenbach-fr\/\">\n\t\t\t\t\t\t\t\t\t\tVerein \"Gretzenbach teilt\" | Gretzenbach (1)\n\t\t\t\t\t\t\t\t\t<\/a>\n\t\t\t\t\t\t\t\t<\/li>\n\t\t\t\t\t\t\t\t\t\t\t\t\t\t\t<li>\n\t\t\t\t\t\t\t\t\t<a href=\"https:\/\/martinstiftung.ch\/fr\/brunnen\/tags\/von-moos-dr-ag-zuerich-fr\/\">\n\t\t\t\t\t\t\t\t\t\tVon Moos Dr. AG | Z\u00fcrich (1)\n\t\t\t\t\t\t\t\t\t<\/a>\n\t\t\t\t\t\t\t\t<\/li>\n\t\t\t\t\t\t\t\t\t\t\t\t\t\t\t<li>\n\t\t\t\t\t\t\t\t\t<a href=\"https:\/\/martinstiftung.ch\/fr\/brunnen\/tags\/vreni-und-armin-mettler-reichenburg-fr\/\">\n\t\t\t\t\t\t\t\t\t\tVreni und Armin Mettler | Reichenburg (1)\n\t\t\t\t\t\t\t\t\t<\/a>\n\t\t\t\t\t\t\t\t<\/li>\n\t\t\t\t\t\t\t\t\t\t\t\t\t\t\t<li>\n\t\t\t\t\t\t\t\t\t<a href=\"https:\/\/martinstiftung.ch\/fr\/brunnen\/tags\/v-zug-ag-zug-fr\/\">\n\t\t\t\t\t\t\t\t\t\tV-Zug AG | Zug (9)\n\t\t\t\t\t\t\t\t\t<\/a>\n\t\t\t\t\t\t\t\t<\/li>\n\t\t\t\t\t\t\t\t\t\t\t\t\t<\/ul>\n\t\t\t\t\t<\/div>\n\t\t\t\t\t\t\t\t\t\t\t\t\t\t\t\t\t\t\t<div class=\"letter-section\"\n\t\t\t\t\t\tid=\"a-z-listing-letter-W-1\">\n\t\t\t\t\t\t<h2 class=\"letter-title\">\n\t\t\t\t\t\t\t<span>\n\t\t\t\t\t\t\t\tW\t\t\t\t\t\t\t<\/span>\n\t\t\t\t\t\t<\/h2>\n\t\t\t\t\t\t\t\t\t\t\t\t<ul class=\"columns max-1-columns\">\n\t\t\t\t\t\t\t\t\t\t\t\t\t\t\t<li>\n\t\t\t\t\t\t\t\t\t<a href=\"https:\/\/martinstiftung.ch\/fr\/brunnen\/tags\/wabool-produits-sa-baar-fr\/\">\n\t\t\t\t\t\t\t\t\t\tWabool Produits SA | Baar (1)\n\t\t\t\t\t\t\t\t\t<\/a>\n\t\t\t\t\t\t\t\t<\/li>\n\t\t\t\t\t\t\t\t\t\t\t\t\t\t\t<li>\n\t\t\t\t\t\t\t\t\t<a href=\"https:\/\/martinstiftung.ch\/fr\/brunnen\/tags\/wassergenossenschaft-rotkreuz-fr\/\">\n\t\t\t\t\t\t\t\t\t\tWassergenossenschaft Rotkreuz (1)\n\t\t\t\t\t\t\t\t\t<\/a>\n\t\t\t\t\t\t\t\t<\/li>\n\t\t\t\t\t\t\t\t\t\t\t\t\t\t\t<li>\n\t\t\t\t\t\t\t\t\t<a href=\"https:\/\/martinstiftung.ch\/fr\/brunnen\/tags\/wasserversorgung-ag-engelberg-fr\/\">\n\t\t\t\t\t\t\t\t\t\tWasserversorgung AG Engelberg (1)\n\t\t\t\t\t\t\t\t\t<\/a>\n\t\t\t\t\t\t\t\t<\/li>\n\t\t\t\t\t\t\t\t\t\t\t\t\t\t\t<li>\n\t\t\t\t\t\t\t\t\t<a href=\"https:\/\/martinstiftung.ch\/fr\/brunnen\/tags\/wasserversorungs-genossenschaft-affoltern-am-albis-fr\/\">\n\t\t\t\t\t\t\t\t\t\tWasserversorungs-Genossenschaft | Affoltern am Albis (1)\n\t\t\t\t\t\t\t\t\t<\/a>\n\t\t\t\t\t\t\t\t<\/li>\n\t\t\t\t\t\t\t\t\t\t\t\t\t\t\t<li>\n\t\t\t\t\t\t\t\t\t<a href=\"https:\/\/martinstiftung.ch\/fr\/brunnen\/tags\/water-for-all-atlas-copco-nederland-fr\/\">\n\t\t\t\t\t\t\t\t\t\tWater for All | Atlas Copco | Nederland (1)\n\t\t\t\t\t\t\t\t\t<\/a>\n\t\t\t\t\t\t\t\t<\/li>\n\t\t\t\t\t\t\t\t\t\t\t\t\t\t\t<li>\n\t\t\t\t\t\t\t\t\t<a href=\"https:\/\/martinstiftung.ch\/fr\/brunnen\/tags\/water-for-all-atlas-copco-suisse-fr\/\">\n\t\t\t\t\t\t\t\t\t\tWater for All | Atlas Copco | Suisse (1)\n\t\t\t\t\t\t\t\t\t<\/a>\n\t\t\t\t\t\t\t\t<\/li>\n\t\t\t\t\t\t\t\t\t\t\t\t\t\t\t<li>\n\t\t\t\t\t\t\t\t\t<a href=\"https:\/\/martinstiftung.ch\/fr\/brunnen\/tags\/wiederkehr-krummenacher-architekten-ag-zug-fr\/\">\n\t\t\t\t\t\t\t\t\t\tWiederkehr Krummenacher Architekten AG | Zug (4)\n\t\t\t\t\t\t\t\t\t<\/a>\n\t\t\t\t\t\t\t\t<\/li>\n\t\t\t\t\t\t\t\t\t\t\t\t\t\t\t<li>\n\t\t\t\t\t\t\t\t\t<a href=\"https:\/\/martinstiftung.ch\/fr\/brunnen\/tags\/wwz-ag-zug-fr\/\">\n\t\t\t\t\t\t\t\t\t\tWWZ AG | Zug (29)\n\t\t\t\t\t\t\t\t\t<\/a>\n\t\t\t\t\t\t\t\t<\/li>\n\t\t\t\t\t\t\t\t\t\t\t\t\t<\/ul>\n\t\t\t\t\t<\/div>\n\t\t\t\t\t\t\t\t\t\t\t\t\t\t\t\t\t\t\t\t\t\t\t\t\t\t\t<div class=\"letter-section\"\n\t\t\t\t\t\tid=\"a-z-listing-letter-Z-1\">\n\t\t\t\t\t\t<h2 class=\"letter-title\">\n\t\t\t\t\t\t\t<span>\n\t\t\t\t\t\t\t\tZ\t\t\t\t\t\t\t<\/span>\n\t\t\t\t\t\t<\/h2>\n\t\t\t\t\t\t\t\t\t\t\t\t<ul class=\"columns max-1-columns\">\n\t\t\t\t\t\t\t\t\t\t\t\t\t\t\t<li>\n\t\t\t\t\t\t\t\t\t<a href=\"https:\/\/martinstiftung.ch\/fr\/brunnen\/tags\/zehnder-stahlbau-125-jubil-fr\/\">\n\t\t\t\t\t\t\t\t\t\tZehnder Stahlbau (125.Jubil.) (1)\n\t\t\t\t\t\t\t\t\t<\/a>\n\t\t\t\t\t\t\t\t<\/li>\n\t\t\t\t\t\t\t\t\t\t\t\t\t\t\t<li>\n\t\t\t\t\t\t\t\t\t<a href=\"https:\/\/martinstiftung.ch\/fr\/brunnen\/tags\/zuger-kantonalbank-zug-fr\/\">\n\t\t\t\t\t\t\t\t\t\tZuger Kantonalbank | Zug (1)\n\t\t\t\t\t\t\t\t\t<\/a>\n\t\t\t\t\t\t\t\t<\/li>\n\t\t\t\t\t\t\t\t\t\t\t\t\t\t\t<li>\n\t\t\t\t\t\t\t\t\t<a href=\"https:\/\/martinstiftung.ch\/fr\/brunnen\/tags\/zug-consulting-group-ag-unteraegeri-fr\/\">\n\t\t\t\t\t\t\t\t\t\tZug Consulting Group AG | Unter\u00e4geri (1)\n\t\t\t\t\t\t\t\t\t<\/a>\n\t\t\t\t\t\t\t\t<\/li>\n\t\t\t\t\t\t\t\t\t\t\t\t\t\t\t<li>\n\t\t\t\t\t\t\t\t\t<a href=\"https:\/\/martinstiftung.ch\/fr\/brunnen\/tags\/zug-fuer-afrika-zug-fr\/\">\n\t\t\t\t\t\t\t\t\t\tZug f\u00fcr Afrika | Zug (2)\n\t\t\t\t\t\t\t\t\t<\/a>\n\t\t\t\t\t\t\t\t<\/li>\n\t\t\t\t\t\t\t\t\t\t\t\t\t\t\t<li>\n\t\t\t\t\t\t\t\t\t<a href=\"https:\/\/martinstiftung.ch\/fr\/brunnen\/tags\/zuehlke-engineering-schlieren-fr\/\">\n\t\t\t\t\t\t\t\t\t\tZ\u00fchlke Engineering Schlieren (1)\n\t\t\t\t\t\t\t\t\t<\/a>\n\t\t\t\t\t\t\t\t<\/li>\n\t\t\t\t\t\t\t\t\t\t\t\t\t\t\t<li>\n\t\t\t\t\t\t\t\t\t<a href=\"https:\/\/martinstiftung.ch\/fr\/brunnen\/tags\/zuehlke-gerhard-fr\/\">\n\t\t\t\t\t\t\t\t\t\tZ\u00fchlke Gerhard (1)\n\t\t\t\t\t\t\t\t\t<\/a>\n\t\t\t\t\t\t\t\t<\/li>\n\t\t\t\t\t\t\t\t\t\t\t\t\t<\/ul>\n\t\t\t\t\t<\/div>\n\t\t\t\t\t\t\t\t\t\t\t\t\t\t\t\t\t\t\t<div class=\"letter-section\"\n\t\t\t\t\t\tid=\"a-z-listing-letter-_-1\">\n\t\t\t\t\t\t<h2 class=\"letter-title\">\n\t\t\t\t\t\t\t<span>\n\t\t\t\t\t\t\t\t#\t\t\t\t\t\t\t<\/span>\n\t\t\t\t\t\t<\/h2>\n\t\t\t\t\t\t\t\t\t\t\t\t<ul class=\"columns max-1-columns\">\n\t\t\t\t\t\t\t\t\t\t\t\t\t\t\t<li>\n\t\t\t\t\t\t\t\t\t<a href=\"https:\/\/martinstiftung.ch\/fr\/brunnen\/tags\/hilfe-fuer-kinder-in-not-audi-ag-fr\/\">\n\t\t\t\t\t\t\t\t\t\t\"Hilfe f\u00fcr Kinder in Not\" &amp; \"Audi AG\" (2)\n\t\t\t\t\t\t\t\t\t<\/a>\n\t\t\t\t\t\t\t\t<\/li>\n\t\t\t\t\t\t\t\t\t\t\t\t\t<\/ul>\n\t\t\t\t\t<\/div>\n\t\t\t\t\t\t\t<\/div>\n\t<\/div>\n<\/div>\n[\/vc_column_text][\/vc_column][\/vc_row]<\/p>\n<\/div>","protected":false},"excerpt":{"rendered":"<p>[vc_row css=\u00a0\u00bb.vc_custom_1548249029736{padding-right: 7px !important;}\u00a0\u00bb][vc_column][vc_column_text][\/vc_column_text][\/vc_column][\/vc_row]<\/p>\n","protected":false},"author":1,"featured_media":0,"parent":0,"menu_order":0,"comment_status":"closed","ping_status":"open","template":"","meta":{"footnotes":""},"class_list":["post-4363","page","type-page","status-publish","hentry","description-off"],"yoast_head":"<!-- This site is optimized with the Yoast SEO plugin v27.5 - https:\/\/yoast.com\/product\/yoast-seo-wordpress\/ -->\n<title>Les donateurs - Stiftung St. Martin<\/title>\n<meta name=\"robots\" content=\"index, follow, max-snippet:-1, max-image-preview:large, max-video-preview:-1\" \/>\n<link rel=\"canonical\" href=\"https:\/\/martinstiftung.ch\/fr\/les-donateurs\/\" \/>\n<meta property=\"og:locale\" content=\"fr_FR\" \/>\n<meta property=\"og:type\" content=\"article\" \/>\n<meta property=\"og:title\" content=\"Les donateurs - Stiftung St. Martin\" \/>\n<meta property=\"og:description\" content=\"[vc_row css=\u00a0\u00bb.vc_custom_1548249029736{padding-right: 7px !important;}\u00a0\u00bb][vc_column][vc_column_text][\/vc_column_text][\/vc_column][\/vc_row]\" \/>\n<meta property=\"og:url\" content=\"https:\/\/martinstiftung.ch\/fr\/les-donateurs\/\" \/>\n<meta property=\"og:site_name\" content=\"Stiftung St. Martin\" \/>\n<meta property=\"article:modified_time\" content=\"2019-04-17T14:19:37+00:00\" \/>\n<meta name=\"twitter:card\" content=\"summary_large_image\" \/>\n<script type=\"application\/ld+json\" class=\"yoast-schema-graph\">{\"@context\":\"https:\\\/\\\/schema.org\",\"@graph\":[{\"@type\":\"WebPage\",\"@id\":\"https:\\\/\\\/martinstiftung.ch\\\/fr\\\/les-donateurs\\\/\",\"url\":\"https:\\\/\\\/martinstiftung.ch\\\/fr\\\/les-donateurs\\\/\",\"name\":\"Les donateurs - Stiftung St. Martin\",\"isPartOf\":{\"@id\":\"https:\\\/\\\/martinstiftung.ch\\\/fr\\\/#website\"},\"datePublished\":\"2019-02-08T07:28:28+00:00\",\"dateModified\":\"2019-04-17T14:19:37+00:00\",\"breadcrumb\":{\"@id\":\"https:\\\/\\\/martinstiftung.ch\\\/fr\\\/les-donateurs\\\/#breadcrumb\"},\"inLanguage\":\"fr-FR\",\"potentialAction\":[{\"@type\":\"ReadAction\",\"target\":[\"https:\\\/\\\/martinstiftung.ch\\\/fr\\\/les-donateurs\\\/\"]}]},{\"@type\":\"BreadcrumbList\",\"@id\":\"https:\\\/\\\/martinstiftung.ch\\\/fr\\\/les-donateurs\\\/#breadcrumb\",\"itemListElement\":[{\"@type\":\"ListItem\",\"position\":1,\"name\":\"Startseite\",\"item\":\"https:\\\/\\\/martinstiftung.ch\\\/fr\\\/\"},{\"@type\":\"ListItem\",\"position\":2,\"name\":\"Les donateurs\"}]},{\"@type\":\"WebSite\",\"@id\":\"https:\\\/\\\/martinstiftung.ch\\\/fr\\\/#website\",\"url\":\"https:\\\/\\\/martinstiftung.ch\\\/fr\\\/\",\"name\":\"Stiftung St. Martin\",\"description\":\"Wasser ist Leben\",\"potentialAction\":[{\"@type\":\"SearchAction\",\"target\":{\"@type\":\"EntryPoint\",\"urlTemplate\":\"https:\\\/\\\/martinstiftung.ch\\\/fr\\\/?s={search_term_string}\"},\"query-input\":{\"@type\":\"PropertyValueSpecification\",\"valueRequired\":true,\"valueName\":\"search_term_string\"}}],\"inLanguage\":\"fr-FR\"}]}<\/script>\n<!-- \/ Yoast SEO plugin. -->","yoast_head_json":{"title":"Les donateurs - Stiftung St. Martin","robots":{"index":"index","follow":"follow","max-snippet":"max-snippet:-1","max-image-preview":"max-image-preview:large","max-video-preview":"max-video-preview:-1"},"canonical":"https:\/\/martinstiftung.ch\/fr\/les-donateurs\/","og_locale":"fr_FR","og_type":"article","og_title":"Les donateurs - Stiftung St. Martin","og_description":"[vc_row css=\u00a0\u00bb.vc_custom_1548249029736{padding-right: 7px !important;}\u00a0\u00bb][vc_column][vc_column_text][\/vc_column_text][\/vc_column][\/vc_row]","og_url":"https:\/\/martinstiftung.ch\/fr\/les-donateurs\/","og_site_name":"Stiftung St. Martin","article_modified_time":"2019-04-17T14:19:37+00:00","twitter_card":"summary_large_image","schema":{"@context":"https:\/\/schema.org","@graph":[{"@type":"WebPage","@id":"https:\/\/martinstiftung.ch\/fr\/les-donateurs\/","url":"https:\/\/martinstiftung.ch\/fr\/les-donateurs\/","name":"Les donateurs - Stiftung St. Martin","isPartOf":{"@id":"https:\/\/martinstiftung.ch\/fr\/#website"},"datePublished":"2019-02-08T07:28:28+00:00","dateModified":"2019-04-17T14:19:37+00:00","breadcrumb":{"@id":"https:\/\/martinstiftung.ch\/fr\/les-donateurs\/#breadcrumb"},"inLanguage":"fr-FR","potentialAction":[{"@type":"ReadAction","target":["https:\/\/martinstiftung.ch\/fr\/les-donateurs\/"]}]},{"@type":"BreadcrumbList","@id":"https:\/\/martinstiftung.ch\/fr\/les-donateurs\/#breadcrumb","itemListElement":[{"@type":"ListItem","position":1,"name":"Startseite","item":"https:\/\/martinstiftung.ch\/fr\/"},{"@type":"ListItem","position":2,"name":"Les donateurs"}]},{"@type":"WebSite","@id":"https:\/\/martinstiftung.ch\/fr\/#website","url":"https:\/\/martinstiftung.ch\/fr\/","name":"Stiftung St. Martin","description":"Wasser ist Leben","potentialAction":[{"@type":"SearchAction","target":{"@type":"EntryPoint","urlTemplate":"https:\/\/martinstiftung.ch\/fr\/?s={search_term_string}"},"query-input":{"@type":"PropertyValueSpecification","valueRequired":true,"valueName":"search_term_string"}}],"inLanguage":"fr-FR"}]}},"_links":{"self":[{"href":"https:\/\/martinstiftung.ch\/fr\/wp-json\/wp\/v2\/pages\/4363","targetHints":{"allow":["GET"]}}],"collection":[{"href":"https:\/\/martinstiftung.ch\/fr\/wp-json\/wp\/v2\/pages"}],"about":[{"href":"https:\/\/martinstiftung.ch\/fr\/wp-json\/wp\/v2\/types\/page"}],"author":[{"embeddable":true,"href":"https:\/\/martinstiftung.ch\/fr\/wp-json\/wp\/v2\/users\/1"}],"replies":[{"embeddable":true,"href":"https:\/\/martinstiftung.ch\/fr\/wp-json\/wp\/v2\/comments?post=4363"}],"version-history":[{"count":0,"href":"https:\/\/martinstiftung.ch\/fr\/wp-json\/wp\/v2\/pages\/4363\/revisions"}],"wp:attachment":[{"href":"https:\/\/martinstiftung.ch\/fr\/wp-json\/wp\/v2\/media?parent=4363"}],"curies":[{"name":"wp","href":"https:\/\/api.w.org\/{rel}","templated":true}]}}