{"id":4373,"date":"2019-02-08T10:02:55","date_gmt":"2019-02-08T09:02:55","guid":{"rendered":"https:\/\/martinstiftung.ch\/all\/protection-des-donnees\/"},"modified":"2019-04-16T11:12:25","modified_gmt":"2019-04-16T09:12:25","slug":"protection-des-donnees","status":"publish","type":"page","link":"https:\/\/martinstiftung.ch\/fr\/protection-des-donnees\/","title":{"rendered":"D\u00e9claration de confidentialit\u00e9 de la fondation St. Martin"},"content":{"rendered":"<div class=\"wpb-content-wrapper\"><p>[vc_row][vc_column][vc_column_text]Dans la pr\u00e9sente d\u00e9claration de confidentialit\u00e9, la fondation St. Martin (ci-apr\u00e8s \u00ab\u00a0nous\u00a0\u00bb) vous informe sur la collecte et le traitement des donn\u00e9es personnelles dans le cadre de l\u2019utilisation de son site web www.martinstiftung.ch (ci-apr\u00e8s \u00ab\u00a0site web\u00a0\u00bb). On entend par donn\u00e9es personnelles toutes les indications qui se rapportent \u00e0 une personne d\u00e9finie ou d\u00e9finissable.<\/p>\n<p>La collecte et le traitement de vos donn\u00e9es personnelles rel\u00e8vent de la responsabilit\u00e9 de:<\/p>\n<p>Stiftung St. Martin<\/p>\n<p>Neuhofstrasse 10<\/p>\n<p>CH-6340 Baar<\/p>\n<p>&nbsp;<\/p>\n<p>T\u00e9l\u00e9phone\u00a0: +41 41 767 06 06<\/p>\n<p>Fax\u00a0: +41 41 767 02 00<\/p>\n<p><a href=\"mailto:mail@martinstiftung.ch\">mail@martinstiftung.ch<\/a><\/p>\n<p>Si vous avez des questions relevant du droit en mati\u00e8re de protection des donn\u00e9es, veuillez nous contacter \u00e0 l\u2019adresse \/ aux num\u00e9ros indiqu\u00e9s ci-dessus.<\/p>\n<p>&nbsp;<\/p>\n<h2>Collecte de donn\u00e9es personnelles et but du traitement des donn\u00e9es<\/h2>\n<p>Par principe, nous traitons vos donn\u00e9es personnelles uniquement dans la mesure o\u00f9 cela est n\u00e9cessaire \u00e0 la mise \u00e0 disposition d\u2019un site web op\u00e9rationnel, ainsi qu\u2019\u00e0 nos contenus et prestations.<\/p>\n<p>Lors d\u2019une utilisation du site web \u00e0 titre purement informatif, c.-\u00e0-d. sans que vous nous transmettiez des informations au moyen du formulaire de contact ou sous une autre forme, nous collectons uniquement les donn\u00e9es personnelles transmises par votre navigateur \u00e0 notre serveur (donn\u00e9es du journal). Lorsque vous souhaitez consulter notre site web, notre syst\u00e8me enregistre les donn\u00e9es indiqu\u00e9es ci-apr\u00e8s,\u00a0lesquelles sont techniquement n\u00e9cessaires \u00e0 votre consultation de notre site web et garantissent la stabilit\u00e9 et la s\u00e9curit\u00e9\u00a0:<\/p>\n<ul>\n<li>votre adresse IP<\/li>\n<li>la date et l\u2019heure de la demande<\/li>\n<li>la diff\u00e9rence de fuseau horaire par rapport au Greenwich Mean Time (GMT)<\/li>\n<li>le contenu de la demande (page concr\u00e8te)<\/li>\n<li>le statut de l\u2019acc\u00e8s \/ code d\u2019\u00e9tat HTTP<\/li>\n<li>la quantit\u00e9 de donn\u00e9es respectivement transmises<\/li>\n<li>le site web d\u2019o\u00f9 provient la demande<\/li>\n<li>le syst\u00e8me d\u2019exploitation et son interface<\/li>\n<li>la langue et la version du logiciel de navigation<\/li>\n<\/ul>\n<p>Ces donn\u00e9es sont par ailleurs enregistr\u00e9es dans les fichiers journaux de notre syst\u00e8me. Elles ne sont pas enregistr\u00e9es avec d\u2019autres donn\u00e9es personnelles. Nous traitons vos donn\u00e9es journalis\u00e9es uniquement dans la mesure o\u00f9 cela est n\u00e9cessaire \u00e0 l\u2019exploitation, \u00e0 la s\u00e9curit\u00e9 et \u00e0 l\u2019optimisation de notre site web.<\/p>\n<p>Lors d\u2019une prise de contact par courrier \u00e9lectronique, t\u00e9l\u00e9phone ou formulaire de contact, nous traitons vos donn\u00e9es personnelles uniquement pour r\u00e9pondre \u00e0 votre demande et pour d\u2019\u00e9ventuelles questions compl\u00e9mentaires.<\/p>\n<p>Vous avez la possibilit\u00e9 de faire un don en ligne sur notre site web via PayPal ou par paiement par carte de cr\u00e9dit. Vous serez directement redirig\u00e9-e vers le site web de PayPal, et il vous sera demand\u00e9 soit d\u2019entrer vos donn\u00e9es de paiement n\u00e9cessaires au traitement de l\u2019op\u00e9ration de paiement, soit de vous connecter avec votre compte PayPal. La d\u00e9claration de confidentialit\u00e9 et les conditions g\u00e9n\u00e9rales de PayPal s\u2019appliquent alors\u00a0: <a href=\"https:\/\/www.paypal.com\/at\/webapps\/mpp\/ua\/privacy-full\">https:\/\/www.paypal.com\/at\/webapps\/mpp\/ua\/privacy-full<\/a> <a href=\"https:\/\/www.paypal.com\/at\/webapps\/mpp\/ua\/legalhub-full?locale.x=de_AT\">https:\/\/www.paypal.com\/at\/webapps\/mpp\/ua\/legalhub-full?locale.x=de_AT<\/a><\/p>\n<p>Font par exemple partie des donn\u00e9es trait\u00e9es par PayPal le nom et l\u2019adresse, les donn\u00e9es bancaires (p.\u00a0ex. num\u00e9ros de cartes de cr\u00e9dit, mots de passe, num\u00e9ro de contr\u00f4le), le montant du don et les indications relatives au destinataire. Ces indications sont n\u00e9cessaires \u00e0 la r\u00e9alisation des transactions. Les donn\u00e9es entr\u00e9es sont toutefois trait\u00e9es uniquement par le prestataire de services de paiement, ce qui signifie que nous ne recevons aucune information relative aux comptes ou aux cartes de cr\u00e9dit, mais uniquement des informations en rapport avec la confirmation du paiement (pr\u00e9nom, nom, adresse, montant et but du don). Nous utilisons ces donn\u00e9es pour vous envoyer une attestation de don, notre revue annuelle p\u00e9riodique ainsi qu\u2019une lettre de remerciement. Cette utilisation de vos donn\u00e9es s\u2019applique \u00e9galement si vous ne faites pas votre don via le site web et proc\u00e9dez \u00e0 un virement sur notre compte bancaire conform\u00e9ment aux indications du site web.<\/p>\n<p>Par ailleurs, vous serez indiqu\u00e9-e le cas \u00e9ch\u00e9ant en tant que donateur ou donatrice dans notre registre des donateurs du site web ou sur la tablette des donateurs et donatrices du puits respectif. Pour cela, nous sollicitons votre accord pr\u00e9alable.<\/p>\n<p>&nbsp;<\/p>\n<h2>Divulgation de donn\u00e9es<\/h2>\n<p>Par principe, nous utilisons les donn\u00e9es personnelles collect\u00e9es uniquement au sein de notre fondation, sous r\u00e9serve d\u2019une retransmission \u00e0 des tiers qui nous soutiennent dans l\u2019administration de la fondation ainsi qu\u2019en lien avec la mise \u00e0 disposition de ce site web (p.\u00a0ex. fournisseur d\u2019acc\u00e8s).<\/p>\n<p>Notamment Alfred M\u00fcller AG, Neuhofstrasse 10, CH-6340 Baar, traite vos donn\u00e9es personnelles pour notre compte dans le cadre de la gestion de notre bureau administratif. Nous avons conclu avec Alfred M\u00fcller AG \u2013 de m\u00eame qu\u2019avec nos autres gestionnaires de donn\u00e9es sous mandat \u2013 un contrat relatif au traitement des donn\u00e9es afin de garantir le respect des exigences en mati\u00e8re de droit \u00e0 la protection des donn\u00e9es applicable et d\u2019assurer la protection de vos droits.<\/p>\n<p>&nbsp;<\/p>\n<h2>Cookies<\/h2>\n<p>Ce site web utilise des \u00ab\u00a0cookies\u00a0\u00bb. Les cookies se pr\u00e9sentent sous forme de petits fichiers texte qui permettent d\u2019enregistrer des informations se rapportant \u00e0 l\u2019utilisateur sur le terminal de celui-ci lorsqu\u2019il consulte le site web. Les cookies permettent notamment de d\u00e9terminer la fr\u00e9quence d\u2019utilisation et le nombre de visiteurs des pages, d\u2019analyser les comportements durant la consultation du site web et de concevoir notre offre de mani\u00e8re conviviale pour nos clients (voir les services d\u00e9crits ci-apr\u00e8s).\u00a0Les cookies peuvent \u00eatre sauvegard\u00e9s au-del\u00e0 de la fin d\u2019une session de navigation et \u00eatre \u00e0 nouveau saisis lors d\u2019une nouvelle visite des pages web. Si vous ne le souhaitez pas, vous avez la possibilit\u00e9 de param\u00e9trer votre navigateur internet de mani\u00e8re qu\u2019il refuse l\u2019enregistrement de cookies.<\/p>\n<p>&nbsp;<\/p>\n<h2>Utilisation de Google Analytics<\/h2>\n<p>Ce site web utilise Google Analytics, un service web d&rsquo;analyse de la Google Inc. \u00e9tasunienne qui rel\u00e8ve du domaine de responsabilit\u00e9 de Google Ireland Limited bas\u00e9e en Irlande (\u00ab\u00a0Google\u00a0\u00bb) pour ce qui est des utilisateurs situ\u00e9s en Suisse.<\/p>\n<p>Google Analytics utilise des cookies. Les informations g\u00e9n\u00e9r\u00e9es par les cookies concernant votre utilisation de ce site web sont g\u00e9n\u00e9ralement envoy\u00e9es \u00e0 un serveur de Google situ\u00e9 aux \u00c9tats-Unis et enregistr\u00e9es sur ce serveur. L&rsquo;adresse IP transmise par votre navigateur dans le cadre de Google Analytics n&rsquo;est pas combin\u00e9e avec d&rsquo;autres donn\u00e9es de Google.\u00a0 Sur notre site web, nous avons ajout\u00e9 le code \u00ab\u00a0anonymizeIP\u00a0\u00bb \u00e0 Google Analytics. Des adresses IP tronqu\u00e9es sont ainsi trait\u00e9es (\u00ab\u00a0IP-masking\u00a0\u00bb). L\u2019adresse IP compl\u00e8te est transmise \u00e0 un serveur de Google bas\u00e9 aux \u00c9tats-Unis et y est tronqu\u00e9e uniquement dans des cas exceptionnels. Google est soumis ce concernant aux dispositions en mati\u00e8re de protection des donn\u00e9es de l\u2019accord Swiss-US Privacy Shield\u00a0; cf. <a href=\"https:\/\/www.privacyshield.gov\/Program-Overview\">https:\/\/www.privacyshield.gov\/Program-Overview<\/a>.<\/p>\n<p>Google traite ces donn\u00e9es pour notre compte afin d\u2019\u00e9valuer votre utilisation du site web, d\u2019\u00e9tablir des rapports sur les activit\u00e9s du site web et de nous fournir d\u2019autres prestations de service li\u00e9es \u00e0 l\u2019utilisation du site web et d\u2019internet. Nous avons conclu un contrat de gestion de commande correspondant avec Google.<\/p>\n<p>Vous pouvez emp\u00eacher l\u2019enregistrement de cookies par un param\u00e9trage correspondant du logiciel de votre navigateur. Nous vous signalons toutefois que, le cas \u00e9ch\u00e9ant, vous ne pourrez \u00e9ventuellement pas utiliser int\u00e9gralement toutes les fonctions de ce site web. De plus, vous pouvez emp\u00eacher la saisie des donn\u00e9es produites par le cookie qui se rapportent \u00e0 votre utilisation du site web (adresse\u00a0IP incluse) par Google ainsi que le traitement de ces donn\u00e9es par Google en t\u00e9l\u00e9chargeant et en installant dans votre navigateur le module compl\u00e9mentaire disponible sur le lien suivant\u00a0: http:\/\/tools.google.com\/dlpage\/gaoptout?hl=fr.<\/p>\n<p>Vous pouvez consulter les conditions d\u2019utilisation de Google Analytics sur <a href=\"http:\/\/www.google.com\/analytics\/terms\/de.html\">http:\/\/www.google.com\/analytics\/terms\/fr.html<\/a>, et la d\u00e9claration de confidentialit\u00e9 de Google sur <a href=\"https:\/\/policies.google.com\/privacy?hl=de&amp;gl=de\">https:\/\/policies.google.com\/privacy?hl=fr&amp;gl=fr<\/a>.<\/p>\n<p>&nbsp;<\/p>\n<h2>Utilisation d\u2019autres services Google<\/h2>\n<p>Nous utilisons les autres services suivants de Google sur notre site web\u00a0:<\/p>\n<ul>\n<li>Pour la protection contre les spams et les robots\u00a0: <a href=\"https:\/\/www.google.com\/recaptcha\/intro\/invisible.html\">Google reCAPTCHA<\/a><\/li>\n<li>Pour l\u2019insertion de cartes\u00a0: <a href=\"https:\/\/www.google.ch\/maps\">Google Maps<\/a><\/li>\n<li>Pour l\u2019insertion de vid\u00e9os\u00a0: <a href=\"https:\/\/www.youtube.com\/\">YouTube<\/a><\/li>\n<li>Pour la pr\u00e9sentation harmonis\u00e9e de polices d\u2019\u00e9criture\u00a0: Google Web Fonts<\/li>\n<\/ul>\n<p>Ces services de Google utilisent pour la plupart des cookies, aussi est-il possible que vos donn\u00e9es soient transmises \u00e0 Google aux \u00c9tats-Unis. Google est soumis ce concernant aux dispositions en mati\u00e8re de protection des donn\u00e9es de l\u2019accord Swiss-US Privacy Shield-Abkommens\u00a0; cf. <a href=\"https:\/\/www.privacyshield.gov\/Program-Overview\">https:\/\/www.privacyshield.gov\/Program-Overview<\/a>.<\/p>\n<p>&nbsp;<\/p>\n<p>Vous trouvez des informations compl\u00e9mentaires sur l\u2019utilisation de vos donn\u00e9es dans la d\u00e9claration de confidentialit\u00e9 de Google sur <a href=\"https:\/\/policies.google.com\/privacy?hl=de&amp;gl=de\">https:\/\/policies.google.com\/privacy?hl=fr&amp;gl=fr<\/a>, ainsi que d\u2019autres informations concernant Google Web Fonts sur\u00a0<a href=\"https:\/\/developers.google.com\/fonts\/faq\">https:\/\/developers.google.com\/fonts\/faq<\/a>.<\/p>\n<p>&nbsp;<\/p>\n<h2>Utilisation d\u2019Adobe Typekit<\/h2>\n<p>Nous utilisons Adobe Typekit pour la conception visuelle de notre site web. Typekit est un service d\u2019Adobe Systems Software Ireland Ltd. bas\u00e9e en Irlande (\u00ab\u00a0Adobe\u00a0\u00bb) qui nous donne acc\u00e8s \u00e0 une biblioth\u00e8que de polices d&rsquo;\u00e9criture. Pour int\u00e9grer les typographies que nous utilisons, votre navigateur doit \u00e9tablir une connexion avec un serveur d\u2019Adobe aux \u00c9tats-Unis et t\u00e9l\u00e9charger la police d\u2019\u00e9criture n\u00e9cessaire pour notre site web. Adobe est ainsi inform\u00e9e de votre saisie de notre site web par votre adresse IP. Adobe est soumise ce concernant aux dispositions en mati\u00e8re de protection des donn\u00e9es de l\u2019accord Swiss-US Privacy Shield\u00a0; cf. <a href=\"https:\/\/www.privacyshield.gov\/Program-Overview\">https:\/\/www.privacyshield.gov\/Program-Overview<\/a>.<\/p>\n<p>Vous trouvez des informations compl\u00e9mentaires sur Adobe Typekit dans les indications sur la protection des donn\u00e9es d\u2019Adobe sur <a href=\"https:\/\/www.adobe.com\/ch_de\/privacy\/policies\/adobe-fonts.html\">https:\/\/www.adobe.com\/ch_fr\/privacy\/policies\/adobe-fonts.html<\/a>.<\/p>\n<p>&nbsp;<\/p>\n<h2>Suppression des donn\u00e9es et dur\u00e9e de sauvegarde<\/h2>\n<p>Par principe et dans la mesure du possible, vos donn\u00e9es sont supprim\u00e9es ou rendues anonymes d\u00e8s qu\u2019elles ne sont plus n\u00e9cessaires \u00e0 des fins de traitement. Elles peuvent \u00eatre toutefois conserv\u00e9es plus durablement si cela est pr\u00e9vu par la loi, une ordonnance ou d\u2019autres r\u00e9glementations auxquelles nous sommes soumis, si cela est n\u00e9cessaire \u00e0 l\u2019ex\u00e9cution de nos devoirs contractuels ou si cela est admissible en raison de notre int\u00e9r\u00eat pr\u00e9pond\u00e9rant.<\/p>\n<p>&nbsp;<\/p>\n<h2>S\u00e9curit\u00e9 des donn\u00e9es<\/h2>\n<p>Nous prot\u00e9geons notre site web et d\u2019autres syst\u00e8mes par des mesures techniques et organisationnelles contre une perte, une destruction, un acc\u00e8s, une modification ou une diffusion de vos donn\u00e9es par des personnes non autoris\u00e9es. Malgr\u00e9 des contr\u00f4les p\u00e9riodiques, une protection compl\u00e8te contre tous les risques se r\u00e9v\u00e8le toutefois impossible.<\/p>\n<p>Le site web utilise \u00e0 certains endroits le standard industriel SSL (Secure Sockets Layer) \u00e0 des fins d&rsquo;encryptage.\u00a0 La confidentialit\u00e9 de vos donn\u00e9es personnelles sur l\u2019internet est ainsi garantie.<\/p>\n<p>&nbsp;<\/p>\n<h2>Vos droits aff\u00e9rents \u00e0 vos donn\u00e9es personnelles<\/h2>\n<p>Vous disposez envers nous des droits suivants concernant vos donn\u00e9es personnelles\u00a0:<\/p>\n<ul>\n<li>droit d\u2019information sur vos donn\u00e9es personnelles que nous traitons<\/li>\n<li>droit \u00e0 rectification ou suppression de vos donn\u00e9es personnelles<\/li>\n<li>droit d\u2019opposition contre le traitement de vos donn\u00e9es personnelles<\/li>\n<li>droit de r\u00e9voquer \u00e0 tout moment votre consentement<\/li>\n<\/ul>\n<p>Pour faire valoir vos droits, vous pouvez nous contacter par courrier \u00e9lectronique ou postal \u00e0 l\u2019adresse indiqu\u00e9e ci-dessus en mentionnant vos coordonn\u00e9es de sorte que nous puissions clairement vous identifier.<\/p>\n<p>Par ailleurs, vous \u00eates en droit de porter plainte aupr\u00e8s du pr\u00e9pos\u00e9 f\u00e9d\u00e9ral \u00e0 la protection des donn\u00e9es et \u00e0 la transparence (PFPDT) contre notre traitement de vos donn\u00e9es personnelles et de faire valoir vos pr\u00e9tentions en justice.<\/p>\n<p>&nbsp;<\/p>\n<h2>Modification de la pr\u00e9sente d\u00e9claration de confidentialit\u00e9<\/h2>\n<p>Nous nous r\u00e9servons la possibilit\u00e9 de modifier la pr\u00e9sente d\u00e9claration de confidentialit\u00e9 \u00e0 tout moment, sans pr\u00e9avis. Les modifications sont publi\u00e9es sur le site web et entrent en vigueur d\u00e8s leur mise en ligne.<\/p>\n<p>&nbsp;<\/p>\n<p>Baar, le 1<sup>er<\/sup>\u00a0mars\u00a02019[\/vc_column_text][\/vc_column][\/vc_row]<\/p>\n<\/div>","protected":false},"excerpt":{"rendered":"<p>[vc_row][vc_column][vc_column_text]Dans la pr\u00e9sente d\u00e9claration de confidentialit\u00e9, la fondation St. Martin (ci-apr\u00e8s \u00ab\u00a0nous\u00a0\u00bb) vous informe sur la collecte et le traitement des donn\u00e9es personnelles dans le cadre de l\u2019utilisation de son site web www.martinstiftung.ch (ci-apr\u00e8s \u00ab\u00a0site web\u00a0\u00bb). On entend par donn\u00e9es personnelles toutes les indications qui se rapportent \u00e0 une personne d\u00e9finie ou d\u00e9finissable. La collecte&hellip;<\/p>\n","protected":false},"author":1,"featured_media":0,"parent":0,"menu_order":0,"comment_status":"closed","ping_status":"open","template":"","meta":{"footnotes":""},"class_list":["post-4373","page","type-page","status-publish","hentry","description-off"],"yoast_head":"<!-- This site is optimized with the Yoast SEO plugin v27.4 - https:\/\/yoast.com\/product\/yoast-seo-wordpress\/ -->\n<title>D\u00e9claration de confidentialit\u00e9 de la fondation St. Martin - Stiftung St. Martin<\/title>\n<meta name=\"robots\" content=\"index, follow, max-snippet:-1, max-image-preview:large, max-video-preview:-1\" \/>\n<link rel=\"canonical\" href=\"https:\/\/martinstiftung.ch\/fr\/protection-des-donnees\/\" \/>\n<meta property=\"og:locale\" content=\"fr_FR\" \/>\n<meta property=\"og:type\" content=\"article\" \/>\n<meta property=\"og:title\" content=\"D\u00e9claration de confidentialit\u00e9 de la fondation St. Martin - Stiftung St. Martin\" \/>\n<meta property=\"og:description\" content=\"[vc_row][vc_column][vc_column_text]Dans la pr\u00e9sente d\u00e9claration de confidentialit\u00e9, la fondation St. Martin (ci-apr\u00e8s \u00ab\u00a0nous\u00a0\u00bb) vous informe sur la collecte et le traitement des donn\u00e9es personnelles dans le cadre de l\u2019utilisation de son site web www.martinstiftung.ch (ci-apr\u00e8s \u00ab\u00a0site web\u00a0\u00bb). On entend par donn\u00e9es personnelles toutes les indications qui se rapportent \u00e0 une personne d\u00e9finie ou d\u00e9finissable. La collecte&hellip;\" \/>\n<meta property=\"og:url\" content=\"https:\/\/martinstiftung.ch\/fr\/protection-des-donnees\/\" \/>\n<meta property=\"og:site_name\" content=\"Stiftung St. Martin\" \/>\n<meta property=\"article:modified_time\" content=\"2019-04-16T09:12:25+00:00\" \/>\n<meta name=\"twitter:card\" content=\"summary_large_image\" \/>\n<meta name=\"twitter:label1\" content=\"Dur\u00e9e de lecture estim\u00e9e\" \/>\n\t<meta name=\"twitter:data1\" content=\"10 minutes\" \/>\n<script type=\"application\/ld+json\" class=\"yoast-schema-graph\">{\"@context\":\"https:\\\/\\\/schema.org\",\"@graph\":[{\"@type\":\"WebPage\",\"@id\":\"https:\\\/\\\/martinstiftung.ch\\\/fr\\\/protection-des-donnees\\\/\",\"url\":\"https:\\\/\\\/martinstiftung.ch\\\/fr\\\/protection-des-donnees\\\/\",\"name\":\"D\u00e9claration de confidentialit\u00e9 de la fondation St. Martin - Stiftung St. Martin\",\"isPartOf\":{\"@id\":\"https:\\\/\\\/martinstiftung.ch\\\/fr\\\/#website\"},\"datePublished\":\"2019-02-08T09:02:55+00:00\",\"dateModified\":\"2019-04-16T09:12:25+00:00\",\"breadcrumb\":{\"@id\":\"https:\\\/\\\/martinstiftung.ch\\\/fr\\\/protection-des-donnees\\\/#breadcrumb\"},\"inLanguage\":\"fr-FR\",\"potentialAction\":[{\"@type\":\"ReadAction\",\"target\":[\"https:\\\/\\\/martinstiftung.ch\\\/fr\\\/protection-des-donnees\\\/\"]}]},{\"@type\":\"BreadcrumbList\",\"@id\":\"https:\\\/\\\/martinstiftung.ch\\\/fr\\\/protection-des-donnees\\\/#breadcrumb\",\"itemListElement\":[{\"@type\":\"ListItem\",\"position\":1,\"name\":\"Startseite\",\"item\":\"https:\\\/\\\/martinstiftung.ch\\\/fr\\\/\"},{\"@type\":\"ListItem\",\"position\":2,\"name\":\"D\u00e9claration de confidentialit\u00e9 de la fondation St. Martin\"}]},{\"@type\":\"WebSite\",\"@id\":\"https:\\\/\\\/martinstiftung.ch\\\/fr\\\/#website\",\"url\":\"https:\\\/\\\/martinstiftung.ch\\\/fr\\\/\",\"name\":\"Stiftung St. Martin\",\"description\":\"Wasser ist Leben\",\"potentialAction\":[{\"@type\":\"SearchAction\",\"target\":{\"@type\":\"EntryPoint\",\"urlTemplate\":\"https:\\\/\\\/martinstiftung.ch\\\/fr\\\/?s={search_term_string}\"},\"query-input\":{\"@type\":\"PropertyValueSpecification\",\"valueRequired\":true,\"valueName\":\"search_term_string\"}}],\"inLanguage\":\"fr-FR\"}]}<\/script>\n<!-- \/ Yoast SEO plugin. -->","yoast_head_json":{"title":"D\u00e9claration de confidentialit\u00e9 de la fondation St. Martin - Stiftung St. Martin","robots":{"index":"index","follow":"follow","max-snippet":"max-snippet:-1","max-image-preview":"max-image-preview:large","max-video-preview":"max-video-preview:-1"},"canonical":"https:\/\/martinstiftung.ch\/fr\/protection-des-donnees\/","og_locale":"fr_FR","og_type":"article","og_title":"D\u00e9claration de confidentialit\u00e9 de la fondation St. Martin - Stiftung St. Martin","og_description":"[vc_row][vc_column][vc_column_text]Dans la pr\u00e9sente d\u00e9claration de confidentialit\u00e9, la fondation St. Martin (ci-apr\u00e8s \u00ab\u00a0nous\u00a0\u00bb) vous informe sur la collecte et le traitement des donn\u00e9es personnelles dans le cadre de l\u2019utilisation de son site web www.martinstiftung.ch (ci-apr\u00e8s \u00ab\u00a0site web\u00a0\u00bb). On entend par donn\u00e9es personnelles toutes les indications qui se rapportent \u00e0 une personne d\u00e9finie ou d\u00e9finissable. La collecte&hellip;","og_url":"https:\/\/martinstiftung.ch\/fr\/protection-des-donnees\/","og_site_name":"Stiftung St. Martin","article_modified_time":"2019-04-16T09:12:25+00:00","twitter_card":"summary_large_image","twitter_misc":{"Dur\u00e9e de lecture estim\u00e9e":"10 minutes"},"schema":{"@context":"https:\/\/schema.org","@graph":[{"@type":"WebPage","@id":"https:\/\/martinstiftung.ch\/fr\/protection-des-donnees\/","url":"https:\/\/martinstiftung.ch\/fr\/protection-des-donnees\/","name":"D\u00e9claration de confidentialit\u00e9 de la fondation St. Martin - Stiftung St. Martin","isPartOf":{"@id":"https:\/\/martinstiftung.ch\/fr\/#website"},"datePublished":"2019-02-08T09:02:55+00:00","dateModified":"2019-04-16T09:12:25+00:00","breadcrumb":{"@id":"https:\/\/martinstiftung.ch\/fr\/protection-des-donnees\/#breadcrumb"},"inLanguage":"fr-FR","potentialAction":[{"@type":"ReadAction","target":["https:\/\/martinstiftung.ch\/fr\/protection-des-donnees\/"]}]},{"@type":"BreadcrumbList","@id":"https:\/\/martinstiftung.ch\/fr\/protection-des-donnees\/#breadcrumb","itemListElement":[{"@type":"ListItem","position":1,"name":"Startseite","item":"https:\/\/martinstiftung.ch\/fr\/"},{"@type":"ListItem","position":2,"name":"D\u00e9claration de confidentialit\u00e9 de la fondation St. Martin"}]},{"@type":"WebSite","@id":"https:\/\/martinstiftung.ch\/fr\/#website","url":"https:\/\/martinstiftung.ch\/fr\/","name":"Stiftung St. Martin","description":"Wasser ist Leben","potentialAction":[{"@type":"SearchAction","target":{"@type":"EntryPoint","urlTemplate":"https:\/\/martinstiftung.ch\/fr\/?s={search_term_string}"},"query-input":{"@type":"PropertyValueSpecification","valueRequired":true,"valueName":"search_term_string"}}],"inLanguage":"fr-FR"}]}},"_links":{"self":[{"href":"https:\/\/martinstiftung.ch\/fr\/wp-json\/wp\/v2\/pages\/4373","targetHints":{"allow":["GET"]}}],"collection":[{"href":"https:\/\/martinstiftung.ch\/fr\/wp-json\/wp\/v2\/pages"}],"about":[{"href":"https:\/\/martinstiftung.ch\/fr\/wp-json\/wp\/v2\/types\/page"}],"author":[{"embeddable":true,"href":"https:\/\/martinstiftung.ch\/fr\/wp-json\/wp\/v2\/users\/1"}],"replies":[{"embeddable":true,"href":"https:\/\/martinstiftung.ch\/fr\/wp-json\/wp\/v2\/comments?post=4373"}],"version-history":[{"count":0,"href":"https:\/\/martinstiftung.ch\/fr\/wp-json\/wp\/v2\/pages\/4373\/revisions"}],"wp:attachment":[{"href":"https:\/\/martinstiftung.ch\/fr\/wp-json\/wp\/v2\/media?parent=4373"}],"curies":[{"name":"wp","href":"https:\/\/api.w.org\/{rel}","templated":true}]}}